{"id":9,"date":"2010-06-09T16:12:36","date_gmt":"2010-06-09T14:12:36","guid":{"rendered":"http:\/\/thomas-ott.net\/home\/?page_id=9"},"modified":"2017-07-19T10:52:53","modified_gmt":"2017-07-19T08:52:53","slug":"rest","status":"publish","type":"page","link":"https:\/\/thomas-ott.net\/home\/?page_id=9","title":{"rendered":"Weltbilder"},"content":{"rendered":"                <div class=\"loop-wrap loop-medium-image-wrap category-18 category-19 category-20 category-22 category-239 \">\n                    <div class=\"hfeed entries blog-entries loop loop-medium-image no-sidebar\">\n                        <div id=\"post-20239\" class=\"hentry entry clearfix\">\n                            <div class=\"post-content clearfix\">\n                                <div class=\"post-category post-category-heading mimic-small uppercase has-no-media showing-media\">\n                                    <a href=\"https:\/\/thomas-ott.net\/home\/?cat=22\"><strong>Politik<\/strong><\/a>\n                                <\/div>\n                                <div class=\"ts-row\">\n                                    <div class=\"ts-meta-wrap meta-wrap\">\n                                                                                <div class=\"entry-info entry-info-post\"><p class=\"small-size clearfix \"><span class=\"meta-item meta-item-author author vcard stylized-meta\"><a href=\"https:\/\/thomas-ott.net\/home\/?author=1\" class=\"fn\">Thomas Ott<\/a><\/span><span class=\"meta-item meta-item-date published\" title=\"2024-11-09T21:44:29\">9 Nov.<\/span><span class=\"updated hidden\" title=\"2024-11-11T18:53:58\">Nov. 11<\/span><span class=\"meta-item meta-item-comments\"><a href=\"https:\/\/thomas-ott.net\/home\/?p=20239#comments\"><i class=\"fa fa-comments\"><\/i><span class=\"disqus-comment-count\" data-disqus-url=\"https:\/\/thomas-ott.net\/home\/?p=20239\">0<\/span><\/a><\/span><\/p><\/div>\n                                                                            <\/div>\n                                    <div class=\"entry-title-post span6\">  \n                                        <div class=\"title-date clearfix\">\n                                            <div class=\"title-info\">                                    \n                                                <h4  class=\"title-h entry-title \"><a href=\"https:\/\/thomas-ott.net\/home\/?p=20239\">Camp de Gurs<\/a><\/h4>\n                                            <\/div>\n                                        <\/div> \n                                        <div class=\"post\">                                        \n                                            <div class=\"wpautop-fix\"><p class=\"entry-summary \">Im Oktober 2024 durfte ich als Teil einer Delegation der Stadt Weinheim an der Gedenkveranstaltung auf dem Friedhof des Lagers Gurs in S\u00fcdwestfrankreich...<\/p><\/div>\n                                        <\/div>\n                                                                                <div class=\"read-more-wrap\">\n                                            <div class=\"read-more mimic-smaller uppercase\"><p class=\" more-details\"><a href=\"https:\/\/thomas-ott.net\/home\/?p=20239\" rel=\"bookmark\"><strong>Read More<\/a><\/strong><\/p><\/div>\n                                        <\/div>\n                                                                            <\/div>\n                                <\/div>\n                            <\/div>\n                        <\/div>\n                        <div id=\"post-20236\" class=\"hentry entry clearfix\">\n                            <div class=\"post-content clearfix\">\n                                <div class=\"post-category post-category-heading mimic-small uppercase has-media showing-media\">\n                                    <a href=\"https:\/\/thomas-ott.net\/home\/?cat=18\"><strong>Reisen<\/strong><\/a>\n                                <\/div>\n                                <div class=\"ts-row\">\n                                    <div class=\"ts-meta-wrap span6 media-meta-wrap\">\n                                        <div class=\"featured-media-wrap ts-fade-in  ts-featured-media-standard\"><div class=\"featured-photo  yes\"><a href=\"https:\/\/thomas-ott.net\/home\/?p=20236\" class=\"featured-photo-link\"><img decoding=\"async\" src=\"https:\/\/thomas-ott.net\/home\/wp-content\/uploads\/2024\/11\/20240828_131804-1024x768-510x287.jpg\" alt=\"\" width=\"510\" class=\"base-large\"\/><\/a><\/div>\n<\/div>                                        <div class=\"entry-info entry-info-post\"><p class=\"small-size clearfix \"><span class=\"meta-item meta-item-author author vcard stylized-meta\"><a href=\"https:\/\/thomas-ott.net\/home\/?author=1\" class=\"fn\">Thomas Ott<\/a><\/span><span class=\"meta-item meta-item-date published\" title=\"2024-11-09T21:36:25\">9 Nov.<\/span><span class=\"updated hidden\" title=\"2024-11-11T19:07:36\">Nov. 11<\/span><span class=\"meta-item meta-item-comments\"><a href=\"https:\/\/thomas-ott.net\/home\/?p=20236#comments\"><i class=\"fa fa-comments\"><\/i><span class=\"disqus-comment-count\" data-disqus-url=\"https:\/\/thomas-ott.net\/home\/?p=20236\">0<\/span><\/a><\/span><\/p><\/div>\n                                                                            <\/div>\n                                    <div class=\"entry-title-post span6\">  \n                                        <div class=\"title-date clearfix\">\n                                            <div class=\"title-info\">                                    \n                                                <h4  class=\"title-h entry-title \"><a href=\"https:\/\/thomas-ott.net\/home\/?p=20236\">Tour de Suisse 2024<\/a><\/h4>\n                                            <\/div>\n                                        <\/div> \n                                        <div class=\"post\">                                        \n                                            <div class=\"wpautop-fix\"><p class=\"entry-summary \">+++\n&nbsp;\n01 Singen &#8211; Konstanz &#8211; Romanshorn\nDistanz: 67,0 km\nH\u00f6henmeter: +250 \/ \u2013260\nFahrzeit: 04:31 h\n+++\nKomoot:...<\/p><\/div>\n                                        <\/div>\n                                                                                <div class=\"read-more-wrap\">\n                                            <div class=\"read-more mimic-smaller uppercase\"><p class=\" more-details\"><a href=\"https:\/\/thomas-ott.net\/home\/?p=20236\" rel=\"bookmark\"><strong>Read More<\/a><\/strong><\/p><\/div>\n                                        <\/div>\n                                                                            <\/div>\n                                <\/div>\n                            <\/div>\n                        <\/div>\n                        <div id=\"post-20223\" class=\"hentry entry clearfix\">\n                            <div class=\"post-content clearfix\">\n                                <div class=\"post-category post-category-heading mimic-small uppercase has-media showing-media\">\n                                    <a href=\"https:\/\/thomas-ott.net\/home\/?cat=22\"><strong>Politik<\/strong><\/a>\n                                <\/div>\n                                <div class=\"ts-row\">\n                                    <div class=\"ts-meta-wrap span6 media-meta-wrap\">\n                                        <div class=\"featured-media-wrap ts-fade-in  ts-featured-media-standard\"><div class=\"featured-photo  yes\"><a href=\"https:\/\/thomas-ott.net\/home\/?p=20223\" class=\"featured-photo-link\"><img decoding=\"async\" src=\"https:\/\/thomas-ott.net\/home\/wp-content\/uploads\/2024\/05\/ott-postkarte-front-726x1024-510x287.png\" alt=\"\" width=\"510\" class=\"base-large\"\/><\/a><\/div>\n<\/div>                                        <div class=\"entry-info entry-info-post\"><p class=\"small-size clearfix \"><span class=\"meta-item meta-item-author author vcard stylized-meta\"><a href=\"https:\/\/thomas-ott.net\/home\/?author=1\" class=\"fn\">Thomas Ott<\/a><\/span><span class=\"meta-item meta-item-date published\" title=\"2024-05-27T22:26:28\">27 Mai<\/span><span class=\"updated hidden\" title=\"2024-05-27T22:26:28\">Mai 27<\/span><span class=\"meta-item meta-item-comments\"><a href=\"https:\/\/thomas-ott.net\/home\/?p=20223#comments\"><i class=\"fa fa-comments\"><\/i><span class=\"disqus-comment-count\" data-disqus-url=\"https:\/\/thomas-ott.net\/home\/?p=20223\">0<\/span><\/a><\/span><\/p><\/div>\n                                                                            <\/div>\n                                    <div class=\"entry-title-post span6\">  \n                                        <div class=\"title-date clearfix\">\n                                            <div class=\"title-info\">                                    \n                                                <h4  class=\"title-h entry-title \"><a href=\"https:\/\/thomas-ott.net\/home\/?p=20223\">Mein Wahlprogramm 2024<\/a><\/h4>\n                                            <\/div>\n                                        <\/div> \n                                        <div class=\"post\">                                        \n                                            <div class=\"wpautop-fix\"><p class=\"entry-summary \">Bei der Kommunalwahl am 9. Juni 2024 bewerbe ich mich um einen Sitz im Gemeinderat der Stadt Weinheim und im Kreistag des Rhein-Neckar-Kreises.\nAlle...<\/p><\/div>\n                                        <\/div>\n                                                                                <div class=\"read-more-wrap\">\n                                            <div class=\"read-more mimic-smaller uppercase\"><p class=\" more-details\"><a href=\"https:\/\/thomas-ott.net\/home\/?p=20223\" rel=\"bookmark\"><strong>Read More<\/a><\/strong><\/p><\/div>\n                                        <\/div>\n                                                                            <\/div>\n                                <\/div>\n                            <\/div>\n                        <\/div>\n                        <div id=\"post-20050\" class=\"hentry entry clearfix\">\n                            <div class=\"post-content clearfix\">\n                                <div class=\"post-category post-category-heading mimic-small uppercase has-media showing-media\">\n                                    <a href=\"https:\/\/thomas-ott.net\/home\/?cat=1\"><strong>Allgemein<\/strong><\/a>\n                                <\/div>\n                                <div class=\"ts-row\">\n                                    <div class=\"ts-meta-wrap span6 media-meta-wrap\">\n                                        <div class=\"featured-media-wrap ts-fade-in  ts-featured-media-standard\"><div class=\"featured-photo  yes\"><a href=\"https:\/\/thomas-ott.net\/home\/?p=20050\" class=\"featured-photo-link\"><img decoding=\"async\" src=\"https:\/\/thomas-ott.net\/home\/wp-content\/uploads\/2024\/02\/Route-1024x634-510x287.png\" alt=\"\" width=\"510\" class=\"base-large\"\/><\/a><\/div>\n<\/div>                                        <div class=\"entry-info entry-info-post\"><p class=\"small-size clearfix \"><span class=\"meta-item meta-item-author author vcard stylized-meta\"><a href=\"https:\/\/thomas-ott.net\/home\/?author=1\" class=\"fn\">Thomas Ott<\/a><\/span><span class=\"meta-item meta-item-date published\" title=\"2024-02-06T22:06:56\">6 Feb.<\/span><span class=\"updated hidden\" title=\"2024-02-14T21:36:54\">Feb. 14<\/span><span class=\"meta-item meta-item-comments\"><a href=\"https:\/\/thomas-ott.net\/home\/?p=20050#comments\"><i class=\"fa fa-comments\"><\/i><span class=\"disqus-comment-count\" data-disqus-url=\"https:\/\/thomas-ott.net\/home\/?p=20050\">0<\/span><\/a><\/span><\/p><\/div>\n                                                                            <\/div>\n                                    <div class=\"entry-title-post span6\">  \n                                        <div class=\"title-date clearfix\">\n                                            <div class=\"title-info\">                                    \n                                                <h4  class=\"title-h entry-title \"><a href=\"https:\/\/thomas-ott.net\/home\/?p=20050\">AlpeAdriaXtended 2023<\/a><\/h4>\n                                            <\/div>\n                                        <\/div> \n                                        <div class=\"post\">                                        \n                                            <div class=\"wpautop-fix\"><p class=\"entry-summary \">Nach der Alpen\u00fcberquerung 2022, bei der wir es aus Zeitgr\u00fcnden nicht bis ans Mittelmeer geschafft haben, sind wir in diesem Jahr die klassische Route von...<\/p><\/div>\n                                        <\/div>\n                                                                                <div class=\"read-more-wrap\">\n                                            <div class=\"read-more mimic-smaller uppercase\"><p class=\" more-details\"><a href=\"https:\/\/thomas-ott.net\/home\/?p=20050\" rel=\"bookmark\"><strong>Read More<\/a><\/strong><\/p><\/div>\n                                        <\/div>\n                                                                            <\/div>\n                                <\/div>\n                            <\/div>\n                        <\/div>\n                        <div id=\"post-19827\" class=\"hentry entry clearfix\">\n                            <div class=\"post-content clearfix\">\n                                <div class=\"post-category post-category-heading mimic-small uppercase has-media showing-media\">\n                                    <a href=\"https:\/\/thomas-ott.net\/home\/?cat=1\"><strong>Allgemein<\/strong><\/a>\n                                <\/div>\n                                <div class=\"ts-row\">\n                                    <div class=\"ts-meta-wrap span6 media-meta-wrap\">\n                                        <div class=\"featured-media-wrap ts-fade-in  ts-featured-media-standard\"><div class=\"featured-photo  yes\"><a href=\"https:\/\/thomas-ott.net\/home\/?p=19827\" class=\"featured-photo-link\"><img decoding=\"async\" src=\"https:\/\/thomas-ott.net\/home\/wp-content\/uploads\/2022\/08\/Screenshot-2022-08-02-163349-1024x567-510x287.jpg\" alt=\"\" width=\"510\" class=\"base-large\"\/><\/a><\/div>\n<\/div>                                        <div class=\"entry-info entry-info-post\"><p class=\"small-size clearfix \"><span class=\"meta-item meta-item-author author vcard stylized-meta\"><a href=\"https:\/\/thomas-ott.net\/home\/?author=1\" class=\"fn\">Thomas Ott<\/a><\/span><span class=\"meta-item meta-item-date published\" title=\"2022-08-24T17:58:36\">24 Aug.<\/span><span class=\"updated hidden\" title=\"2022-12-29T19:57:03\">Dez. 29<\/span><span class=\"meta-item meta-item-comments\"><a href=\"https:\/\/thomas-ott.net\/home\/?p=19827#comments\"><i class=\"fa fa-comments\"><\/i><span class=\"disqus-comment-count\" data-disqus-url=\"https:\/\/thomas-ott.net\/home\/?p=19827\">2<\/span><\/a><\/span><\/p><\/div>\n                                                                            <\/div>\n                                    <div class=\"entry-title-post span6\">  \n                                        <div class=\"title-date clearfix\">\n                                            <div class=\"title-info\">                                    \n                                                <h4  class=\"title-h entry-title \"><a href=\"https:\/\/thomas-ott.net\/home\/?p=19827\">Alpenquerung 2022<\/a><\/h4>\n                                            <\/div>\n                                        <\/div> \n                                        <div class=\"post\">                                        \n                                            <div class=\"wpautop-fix\"><p class=\"entry-summary \">Dieses Jahr haben wir uns einen lange gehegten Traum erf\u00fcllt und die Alpen mit dem Fahrrad \u00fcberquert (nur mit Muskelkraft). Wir haben die Reise in 17 Etappen...<\/p><\/div>\n                                        <\/div>\n                                                                                <div class=\"read-more-wrap\">\n                                            <div class=\"read-more mimic-smaller uppercase\"><p class=\" more-details\"><a href=\"https:\/\/thomas-ott.net\/home\/?p=19827\" rel=\"bookmark\"><strong>Read More<\/a><\/strong><\/p><\/div>\n                                        <\/div>\n                                                                            <\/div>\n                                <\/div>\n                            <\/div>\n                        <\/div>\n                        <div id=\"post-19820\" class=\"hentry entry clearfix\">\n                            <div class=\"post-content clearfix\">\n                                <div class=\"post-category post-category-heading mimic-small uppercase has-no-media showing-media\">\n                                    <a href=\"https:\/\/thomas-ott.net\/home\/?cat=1\"><strong>Allgemein<\/strong><\/a>\n                                <\/div>\n                                <div class=\"ts-row\">\n                                    <div class=\"ts-meta-wrap meta-wrap\">\n                                                                                <div class=\"entry-info entry-info-post\"><p class=\"small-size clearfix \"><span class=\"meta-item meta-item-author author vcard stylized-meta\"><a href=\"https:\/\/thomas-ott.net\/home\/?author=1\" class=\"fn\">Thomas Ott<\/a><\/span><span class=\"meta-item meta-item-date published\" title=\"2021-05-14T13:50:10\">14 Mai<\/span><span class=\"updated hidden\" title=\"2021-05-14T17:46:13\">Mai 14<\/span><span class=\"meta-item meta-item-comments\"><a href=\"https:\/\/thomas-ott.net\/home\/?p=19820#comments\"><i class=\"fa fa-comments\"><\/i><span class=\"disqus-comment-count\" data-disqus-url=\"https:\/\/thomas-ott.net\/home\/?p=19820\">0<\/span><\/a><\/span><\/p><\/div>\n                                                                            <\/div>\n                                    <div class=\"entry-title-post span6\">  \n                                        <div class=\"title-date clearfix\">\n                                            <div class=\"title-info\">                                    \n                                                <h4  class=\"title-h entry-title \"><a href=\"https:\/\/thomas-ott.net\/home\/?p=19820\">Heidi-Mohr-Halle, Gemeinderatssitzung vom 12. Mai 2021<\/a><\/h4>\n                                            <\/div>\n                                        <\/div> \n                                        <div class=\"post\">                                        \n                                            <div class=\"wpautop-fix\"><p class=\"entry-summary \">Manche Beschlussvorlagen im Gemeinderat sind schwierig: man muss sich in den Sachverhalt einarbeiten, widerstrebende Interessen abw\u00e4gen und die finanziellen,...<\/p><\/div>\n                                        <\/div>\n                                                                                <div class=\"read-more-wrap\">\n                                            <div class=\"read-more mimic-smaller uppercase\"><p class=\" more-details\"><a href=\"https:\/\/thomas-ott.net\/home\/?p=19820\" rel=\"bookmark\"><strong>Read More<\/a><\/strong><\/p><\/div>\n                                        <\/div>\n                                                                            <\/div>\n                                <\/div>\n                            <\/div>\n                        <\/div>\n                        <div id=\"post-19814\" class=\"hentry entry clearfix\">\n                            <div class=\"post-content clearfix\">\n                                <div class=\"post-category post-category-heading mimic-small uppercase has-media showing-media\">\n                                    <a href=\"https:\/\/thomas-ott.net\/home\/?cat=244\"><strong>Digital<\/strong><\/a>\n                                <\/div>\n                                <div class=\"ts-row\">\n                                    <div class=\"ts-meta-wrap span6 media-meta-wrap\">\n                                        <div class=\"featured-media-wrap ts-fade-in  ts-featured-media-standard\"><div class=\"featured-photo  yes\"><a href=\"https:\/\/thomas-ott.net\/home\/?p=19814\" class=\"featured-photo-link\"><img decoding=\"async\" src=\"https:\/\/thomas-ott.net\/home\/wp-content\/uploads\/2020\/10\/ipad-1024x753-510x287.jpg\" alt=\"\" width=\"510\" class=\"base-large\"\/><\/a><\/div>\n<\/div>                                        <div class=\"entry-info entry-info-post\"><p class=\"small-size clearfix \"><span class=\"meta-item meta-item-author author vcard stylized-meta\"><a href=\"https:\/\/thomas-ott.net\/home\/?author=1\" class=\"fn\">Thomas Ott<\/a><\/span><span class=\"meta-item meta-item-date published\" title=\"2020-10-02T22:03:12\">2 Okt.<\/span><span class=\"updated hidden\" title=\"2020-10-27T22:03:34\">Okt. 27<\/span><span class=\"meta-item meta-item-comments\"><a href=\"https:\/\/thomas-ott.net\/home\/?p=19814#comments\"><i class=\"fa fa-comments\"><\/i><span class=\"disqus-comment-count\" data-disqus-url=\"https:\/\/thomas-ott.net\/home\/?p=19814\">0<\/span><\/a><\/span><\/p><\/div>\n                                                                            <\/div>\n                                    <div class=\"entry-title-post span6\">  \n                                        <div class=\"title-date clearfix\">\n                                            <div class=\"title-info\">                                    \n                                                <h4  class=\"title-h entry-title \"><a href=\"https:\/\/thomas-ott.net\/home\/?p=19814\">Digitalisierungsbeirat, Sitzung vom 30.09.2020<\/a><\/h4>\n                                            <\/div>\n                                        <\/div> \n                                        <div class=\"post\">                                        \n                                            <div class=\"wpautop-fix\"><p class=\"entry-summary \">Ich habe die Stadtverwaltung an dieser Stelle schon mehrfach f\u00fcr ihre z\u00f6gerliche Umsetzung von Digitalisierungsschritten kritisiert. Auf der j\u00fcngsten Sitzung...<\/p><\/div>\n                                        <\/div>\n                                                                                <div class=\"read-more-wrap\">\n                                            <div class=\"read-more mimic-smaller uppercase\"><p class=\" more-details\"><a href=\"https:\/\/thomas-ott.net\/home\/?p=19814\" rel=\"bookmark\"><strong>Read More<\/a><\/strong><\/p><\/div>\n                                        <\/div>\n                                                                            <\/div>\n                                <\/div>\n                            <\/div>\n                        <\/div>\n                        <div id=\"post-19798\" class=\"hentry entry clearfix\">\n                            <div class=\"post-content clearfix\">\n                                <div class=\"post-category post-category-heading mimic-small uppercase has-media showing-media\">\n                                    <a href=\"https:\/\/thomas-ott.net\/home\/?cat=22\"><strong>Politik<\/strong><\/a>\n                                <\/div>\n                                <div class=\"ts-row\">\n                                    <div class=\"ts-meta-wrap span6 media-meta-wrap\">\n                                        <div class=\"featured-media-wrap ts-fade-in  ts-featured-media-standard\"><div class=\"featured-photo  yes\"><a href=\"https:\/\/thomas-ott.net\/home\/?p=19798\" class=\"featured-photo-link\"><img decoding=\"async\" src=\"https:\/\/thomas-ott.net\/home\/wp-content\/uploads\/2020\/05\/GewG_Nord-510x287.png\" alt=\"\" width=\"510\" class=\"base-large\"\/><\/a><\/div>\n<\/div>                                        <div class=\"entry-info entry-info-post\"><p class=\"small-size clearfix \"><span class=\"meta-item meta-item-author author vcard stylized-meta\"><a href=\"https:\/\/thomas-ott.net\/home\/?author=1\" class=\"fn\">Thomas Ott<\/a><\/span><span class=\"meta-item meta-item-date published\" title=\"2020-05-31T11:41:15\">31 Mai<\/span><span class=\"updated hidden\" title=\"2020-05-31T19:28:20\">Mai 31<\/span><span class=\"meta-item meta-item-comments\"><a href=\"https:\/\/thomas-ott.net\/home\/?p=19798#comments\"><i class=\"fa fa-comments\"><\/i><span class=\"disqus-comment-count\" data-disqus-url=\"https:\/\/thomas-ott.net\/home\/?p=19798\">0<\/span><\/a><\/span><\/p><\/div>\n                                                                            <\/div>\n                                    <div class=\"entry-title-post span6\">  \n                                        <div class=\"title-date clearfix\">\n                                            <div class=\"title-info\">                                    \n                                                <h4  class=\"title-h entry-title \"><a href=\"https:\/\/thomas-ott.net\/home\/?p=19798\">Gemeinderat Weinheim, Sitzung vom 27. Mai 2020<\/a><\/h4>\n                                            <\/div>\n                                        <\/div> \n                                        <div class=\"post\">                                        \n                                            <div class=\"wpautop-fix\"><p class=\"entry-summary \">Zu Beginn der Sitzung gab Oberb\u00fcrgermeister Just einen \u00dcberblick zum Stand der Corona-Pandemie und ihrer Folgen f\u00fcr die Stadt Weinheim. Erfreulicherweise ist...<\/p><\/div>\n                                        <\/div>\n                                                                                <div class=\"read-more-wrap\">\n                                            <div class=\"read-more mimic-smaller uppercase\"><p class=\" more-details\"><a href=\"https:\/\/thomas-ott.net\/home\/?p=19798\" rel=\"bookmark\"><strong>Read More<\/a><\/strong><\/p><\/div>\n                                        <\/div>\n                                                                            <\/div>\n                                <\/div>\n                            <\/div>\n                        <\/div>\n                        <div id=\"post-19789\" class=\"hentry entry clearfix\">\n                            <div class=\"post-content clearfix\">\n                                <div class=\"post-category post-category-heading mimic-small uppercase has-media showing-media\">\n                                    <a href=\"https:\/\/thomas-ott.net\/home\/?cat=22\"><strong>Politik<\/strong><\/a>\n                                <\/div>\n                                <div class=\"ts-row\">\n                                    <div class=\"ts-meta-wrap span6 media-meta-wrap\">\n                                        <div class=\"featured-media-wrap ts-fade-in  ts-featured-media-standard\"><div class=\"featured-photo  yes\"><a href=\"https:\/\/thomas-ott.net\/home\/?p=19789\" class=\"featured-photo-link\"><img decoding=\"async\" src=\"https:\/\/thomas-ott.net\/home\/wp-content\/uploads\/2020\/05\/GRStadthalle-1024x618-510x287.jpg\" alt=\"\" width=\"510\" class=\"base-large\"\/><\/a><\/div>\n<\/div>                                        <div class=\"entry-info entry-info-post\"><p class=\"small-size clearfix \"><span class=\"meta-item meta-item-author author vcard stylized-meta\"><a href=\"https:\/\/thomas-ott.net\/home\/?author=1\" class=\"fn\">Thomas Ott<\/a><\/span><span class=\"meta-item meta-item-date published\" title=\"2020-05-11T11:42:05\">11 Mai<\/span><span class=\"updated hidden\" title=\"2020-05-11T15:10:21\">Mai 11<\/span><span class=\"meta-item meta-item-comments\"><a href=\"https:\/\/thomas-ott.net\/home\/?p=19789#comments\"><i class=\"fa fa-comments\"><\/i><span class=\"disqus-comment-count\" data-disqus-url=\"https:\/\/thomas-ott.net\/home\/?p=19789\">0<\/span><\/a><\/span><\/p><\/div>\n                                                                            <\/div>\n                                    <div class=\"entry-title-post span6\">  \n                                        <div class=\"title-date clearfix\">\n                                            <div class=\"title-info\">                                    \n                                                <h4  class=\"title-h entry-title \"><a href=\"https:\/\/thomas-ott.net\/home\/?p=19789\">Gemeinderat Weinheim, Sitzung vom 6. Mai 2020<\/a><\/h4>\n                                            <\/div>\n                                        <\/div> \n                                        <div class=\"post\">                                        \n                                            <div class=\"wpautop-fix\"><p class=\"entry-summary \">Meine erste regul\u00e4re Sitzung des Weinheimer Gemeinderates fand unter den Vorzeichen der Corona-Pandemie in der Stadthalle statt. Zu Beginn der Sitzung gab der...<\/p><\/div>\n                                        <\/div>\n                                                                                <div class=\"read-more-wrap\">\n                                            <div class=\"read-more mimic-smaller uppercase\"><p class=\" more-details\"><a href=\"https:\/\/thomas-ott.net\/home\/?p=19789\" rel=\"bookmark\"><strong>Read More<\/a><\/strong><\/p><\/div>\n                                        <\/div>\n                                                                            <\/div>\n                                <\/div>\n                            <\/div>\n                        <\/div>\n                        <div id=\"post-19778\" class=\"hentry entry clearfix\">\n                            <div class=\"post-content clearfix\">\n                                <div class=\"post-category post-category-heading mimic-small uppercase has-media showing-media\">\n                                    <a href=\"https:\/\/thomas-ott.net\/home\/?cat=21\"><strong>Biographie<\/strong><\/a>\n                                <\/div>\n                                <div class=\"ts-row\">\n                                    <div class=\"ts-meta-wrap span6 media-meta-wrap\">\n                                        <div class=\"featured-media-wrap ts-fade-in  ts-featured-media-standard\"><div class=\"featured-photo  yes\"><a href=\"https:\/\/thomas-ott.net\/home\/?p=19778\" class=\"featured-photo-link\"><img decoding=\"async\" src=\"https:\/\/thomas-ott.net\/home\/wp-content\/uploads\/2020\/03\/verpflichtung-1024x683-510x287.png\" alt=\"\" width=\"510\" class=\"base-large\"\/><\/a><\/div>\n<\/div>                                        <div class=\"entry-info entry-info-post\"><p class=\"small-size clearfix \"><span class=\"meta-item meta-item-author author vcard stylized-meta\"><a href=\"https:\/\/thomas-ott.net\/home\/?author=1\" class=\"fn\">Thomas Ott<\/a><\/span><span class=\"meta-item meta-item-date published\" title=\"2020-03-12T09:10:24\">12 M\u00e4rz<\/span><span class=\"updated hidden\" title=\"2020-03-12T10:32:31\">M\u00e4rz 12<\/span><span class=\"meta-item meta-item-comments\"><a href=\"https:\/\/thomas-ott.net\/home\/?p=19778#comments\"><i class=\"fa fa-comments\"><\/i><span class=\"disqus-comment-count\" data-disqus-url=\"https:\/\/thomas-ott.net\/home\/?p=19778\">0<\/span><\/a><\/span><\/p><\/div>\n                                                                            <\/div>\n                                    <div class=\"entry-title-post span6\">  \n                                        <div class=\"title-date clearfix\">\n                                            <div class=\"title-info\">                                    \n                                                <h4  class=\"title-h entry-title \"><a href=\"https:\/\/thomas-ott.net\/home\/?p=19778\">Verpflichtung zum Stadtrat der Stadt Weinheim<\/a><\/h4>\n                                            <\/div>\n                                        <\/div> \n                                        <div class=\"post\">                                        \n                                            <div class=\"wpautop-fix\"><p class=\"entry-summary \">In der Sitzung des Weinheimer Gemeinderates vom 11. M\u00e4rz 2020 wurde ich durch Oberb\u00fcrgermeister Manuel Just als Stadtrat verpflichtet. Dabei habe ich folgendes...<\/p><\/div>\n                                        <\/div>\n                                                                                <div class=\"read-more-wrap\">\n                                            <div class=\"read-more mimic-smaller uppercase\"><p class=\" more-details\"><a href=\"https:\/\/thomas-ott.net\/home\/?p=19778\" rel=\"bookmark\"><strong>Read More<\/a><\/strong><\/p><\/div>\n                                        <\/div>\n                                                                            <\/div>\n                                <\/div>\n                            <\/div>\n                        <\/div>\n                    <\/div>\n                    <div class=\"divider-shortcode divider\"><\/div><div class=\"pagination-wrap\"><p class=\"pagination clearfix\"><span class=\"subtle-text-color\"><i class=\"fa fa-angle-double-left\"><\/i><\/span><span class=\"subtle-text-color\"><i class=\"fa fa-angle-left\"><\/i><\/span><a href=\"https:\/\/thomas-ott.net\/home\/index.php?rest_route=%2Fwp%2Fv2%2Fpages%2F9\" class=\"active\"><strong>1<\/strong><\/a><a href=\"https:\/\/thomas-ott.net\/home\/index.php?rest_route=%2Fwp%2Fv2%2Fpages%2F9&#038;paged=2\" class=\"\">2<\/a><a href=\"https:\/\/thomas-ott.net\/home\/index.php?rest_route=%2Fwp%2Fv2%2Fpages%2F9&#038;paged=3\" class=\"\">3<\/a><a href=\"https:\/\/thomas-ott.net\/home\/index.php?rest_route=%2Fwp%2Fv2%2Fpages%2F9&#038;paged=4\" class=\"\">4<\/a><a href=\"https:\/\/thomas-ott.net\/home\/index.php?rest_route=%2Fwp%2Fv2%2Fpages%2F9&#038;paged=5\" class=\"\">5<\/a><a href=\"https:\/\/thomas-ott.net\/home\/index.php?rest_route=%2Fwp%2Fv2%2Fpages%2F9&#038;paged=2\" ><i class=\"fa fa-angle-right\"><\/i><\/a><a href=\"https:\/\/thomas-ott.net\/home\/index.php?rest_route=%2Fwp%2Fv2%2Fpages%2F9&#038;paged=5\"><i class=\"fa fa-angle-double-right\"><\/i><\/a><\/p><\/div>                <\/div>\n\n<p>&nbsp;<\/p>\n","protected":false},"excerpt":{"rendered":"<p>&nbsp;<\/p>\n","protected":false},"author":1,"featured_media":0,"parent":0,"menu_order":0,"comment_status":"open","ping_status":"open","template":"","meta":{"_acf_changed":false,"footnotes":""},"class_list":["post-9","page","type-page","status-publish","hentry"],"acf":[],"yoast_head":"<!-- This site is optimized with the Yoast SEO plugin v27.1.1 - https:\/\/yoast.com\/product\/yoast-seo-wordpress\/ -->\n<title>Weltbilder | The Secret Life of Thomas Ott<\/title>\n<meta name=\"robots\" content=\"index, follow, max-snippet:-1, max-image-preview:large, max-video-preview:-1\" \/>\n<link rel=\"canonical\" href=\"https:\/\/thomas-ott.net\/home\/?page_id=9\" \/>\n<meta property=\"og:locale\" content=\"de_DE\" \/>\n<meta property=\"og:type\" content=\"article\" \/>\n<meta property=\"og:title\" content=\"Weltbilder | The Secret Life of Thomas Ott\" \/>\n<meta property=\"og:description\" content=\"&nbsp;\" \/>\n<meta property=\"og:url\" content=\"https:\/\/thomas-ott.net\/home\/?page_id=9\" \/>\n<meta property=\"og:site_name\" content=\"The Secret Life of Thomas Ott\" \/>\n<meta property=\"article:publisher\" content=\"https:\/\/www.facebook.com\/oagis\" \/>\n<meta property=\"article:modified_time\" content=\"2017-07-19T08:52:53+00:00\" \/>\n<meta name=\"twitter:card\" content=\"summary_large_image\" \/>\n<meta name=\"twitter:site\" content=\"@oagis\" \/>\n<script type=\"application\/ld+json\" class=\"yoast-schema-graph\">{\"@context\":\"https:\/\/schema.org\",\"@graph\":[{\"@type\":\"WebPage\",\"@id\":\"https:\/\/thomas-ott.net\/home\/?page_id=9\",\"url\":\"https:\/\/thomas-ott.net\/home\/?page_id=9\",\"name\":\"Weltbilder | The Secret Life of Thomas Ott\",\"isPartOf\":{\"@id\":\"https:\/\/thomas-ott.net\/home\/#website\"},\"datePublished\":\"2010-06-09T14:12:36+00:00\",\"dateModified\":\"2017-07-19T08:52:53+00:00\",\"breadcrumb\":{\"@id\":\"https:\/\/thomas-ott.net\/home\/?page_id=9#breadcrumb\"},\"inLanguage\":\"de\",\"potentialAction\":[{\"@type\":\"ReadAction\",\"target\":[\"https:\/\/thomas-ott.net\/home\/?page_id=9\"]}]},{\"@type\":\"BreadcrumbList\",\"@id\":\"https:\/\/thomas-ott.net\/home\/?page_id=9#breadcrumb\",\"itemListElement\":[{\"@type\":\"ListItem\",\"position\":1,\"name\":\"Startseite\",\"item\":\"https:\/\/thomas-ott.net\/home\/\"},{\"@type\":\"ListItem\",\"position\":2,\"name\":\"Weltbilder\"}]},{\"@type\":\"WebSite\",\"@id\":\"https:\/\/thomas-ott.net\/home\/#website\",\"url\":\"https:\/\/thomas-ott.net\/home\/\",\"name\":\"The Secret Life of Thomas Ott\",\"description\":\"Website von Dr. Thomas Ott, Weinheim\",\"publisher\":{\"@id\":\"https:\/\/thomas-ott.net\/home\/#\/schema\/person\/0a142f0a3d76fa4af0513a832379747b\"},\"potentialAction\":[{\"@type\":\"SearchAction\",\"target\":{\"@type\":\"EntryPoint\",\"urlTemplate\":\"https:\/\/thomas-ott.net\/home\/?s={search_term_string}\"},\"query-input\":{\"@type\":\"PropertyValueSpecification\",\"valueRequired\":true,\"valueName\":\"search_term_string\"}}],\"inLanguage\":\"de\"},{\"@type\":[\"Person\",\"Organization\"],\"@id\":\"https:\/\/thomas-ott.net\/home\/#\/schema\/person\/0a142f0a3d76fa4af0513a832379747b\",\"name\":\"Thomas Ott\",\"image\":{\"@type\":\"ImageObject\",\"inLanguage\":\"de\",\"@id\":\"https:\/\/thomas-ott.net\/home\/#\/schema\/person\/image\/\",\"url\":\"https:\/\/secure.gravatar.com\/avatar\/984baf04fae50a93f41615cda6dee454fdc8be653bcfd6e45a10e9f54e05505b?s=96&d=mm&r=g\",\"contentUrl\":\"https:\/\/secure.gravatar.com\/avatar\/984baf04fae50a93f41615cda6dee454fdc8be653bcfd6e45a10e9f54e05505b?s=96&d=mm&r=g\",\"caption\":\"Thomas Ott\"},\"logo\":{\"@id\":\"https:\/\/thomas-ott.net\/home\/#\/schema\/person\/image\/\"},\"sameAs\":[\"https:\/\/www.facebook.com\/oagis\",\"https:\/\/www.instagram.com\/thomas_ott_66\/\",\"https:\/\/www.linkedin.com\/in\/oagis\/\",\"https:\/\/x.com\/oagis\"]}]}<\/script>\n<!-- \/ Yoast SEO plugin. -->","yoast_head_json":{"title":"Weltbilder | The Secret Life of Thomas Ott","robots":{"index":"index","follow":"follow","max-snippet":"max-snippet:-1","max-image-preview":"max-image-preview:large","max-video-preview":"max-video-preview:-1"},"canonical":"https:\/\/thomas-ott.net\/home\/?page_id=9","og_locale":"de_DE","og_type":"article","og_title":"Weltbilder | The Secret Life of Thomas Ott","og_description":"&nbsp;","og_url":"https:\/\/thomas-ott.net\/home\/?page_id=9","og_site_name":"The Secret Life of Thomas Ott","article_publisher":"https:\/\/www.facebook.com\/oagis","article_modified_time":"2017-07-19T08:52:53+00:00","twitter_card":"summary_large_image","twitter_site":"@oagis","schema":{"@context":"https:\/\/schema.org","@graph":[{"@type":"WebPage","@id":"https:\/\/thomas-ott.net\/home\/?page_id=9","url":"https:\/\/thomas-ott.net\/home\/?page_id=9","name":"Weltbilder | The Secret Life of Thomas Ott","isPartOf":{"@id":"https:\/\/thomas-ott.net\/home\/#website"},"datePublished":"2010-06-09T14:12:36+00:00","dateModified":"2017-07-19T08:52:53+00:00","breadcrumb":{"@id":"https:\/\/thomas-ott.net\/home\/?page_id=9#breadcrumb"},"inLanguage":"de","potentialAction":[{"@type":"ReadAction","target":["https:\/\/thomas-ott.net\/home\/?page_id=9"]}]},{"@type":"BreadcrumbList","@id":"https:\/\/thomas-ott.net\/home\/?page_id=9#breadcrumb","itemListElement":[{"@type":"ListItem","position":1,"name":"Startseite","item":"https:\/\/thomas-ott.net\/home\/"},{"@type":"ListItem","position":2,"name":"Weltbilder"}]},{"@type":"WebSite","@id":"https:\/\/thomas-ott.net\/home\/#website","url":"https:\/\/thomas-ott.net\/home\/","name":"The Secret Life of Thomas Ott","description":"Website von Dr. Thomas Ott, Weinheim","publisher":{"@id":"https:\/\/thomas-ott.net\/home\/#\/schema\/person\/0a142f0a3d76fa4af0513a832379747b"},"potentialAction":[{"@type":"SearchAction","target":{"@type":"EntryPoint","urlTemplate":"https:\/\/thomas-ott.net\/home\/?s={search_term_string}"},"query-input":{"@type":"PropertyValueSpecification","valueRequired":true,"valueName":"search_term_string"}}],"inLanguage":"de"},{"@type":["Person","Organization"],"@id":"https:\/\/thomas-ott.net\/home\/#\/schema\/person\/0a142f0a3d76fa4af0513a832379747b","name":"Thomas Ott","image":{"@type":"ImageObject","inLanguage":"de","@id":"https:\/\/thomas-ott.net\/home\/#\/schema\/person\/image\/","url":"https:\/\/secure.gravatar.com\/avatar\/984baf04fae50a93f41615cda6dee454fdc8be653bcfd6e45a10e9f54e05505b?s=96&d=mm&r=g","contentUrl":"https:\/\/secure.gravatar.com\/avatar\/984baf04fae50a93f41615cda6dee454fdc8be653bcfd6e45a10e9f54e05505b?s=96&d=mm&r=g","caption":"Thomas Ott"},"logo":{"@id":"https:\/\/thomas-ott.net\/home\/#\/schema\/person\/image\/"},"sameAs":["https:\/\/www.facebook.com\/oagis","https:\/\/www.instagram.com\/thomas_ott_66\/","https:\/\/www.linkedin.com\/in\/oagis\/","https:\/\/x.com\/oagis"]}]}},"_links":{"self":[{"href":"https:\/\/thomas-ott.net\/home\/index.php?rest_route=\/wp\/v2\/pages\/9","targetHints":{"allow":["GET"]}}],"collection":[{"href":"https:\/\/thomas-ott.net\/home\/index.php?rest_route=\/wp\/v2\/pages"}],"about":[{"href":"https:\/\/thomas-ott.net\/home\/index.php?rest_route=\/wp\/v2\/types\/page"}],"author":[{"embeddable":true,"href":"https:\/\/thomas-ott.net\/home\/index.php?rest_route=\/wp\/v2\/users\/1"}],"replies":[{"embeddable":true,"href":"https:\/\/thomas-ott.net\/home\/index.php?rest_route=%2Fwp%2Fv2%2Fcomments&post=9"}],"version-history":[{"count":4,"href":"https:\/\/thomas-ott.net\/home\/index.php?rest_route=\/wp\/v2\/pages\/9\/revisions"}],"predecessor-version":[{"id":17539,"href":"https:\/\/thomas-ott.net\/home\/index.php?rest_route=\/wp\/v2\/pages\/9\/revisions\/17539"}],"wp:attachment":[{"href":"https:\/\/thomas-ott.net\/home\/index.php?rest_route=%2Fwp%2Fv2%2Fmedia&parent=9"}],"curies":[{"name":"wp","href":"https:\/\/api.w.org\/{rel}","templated":true}]}}