{"id":8,"date":"2010-06-09T16:12:27","date_gmt":"2010-06-09T14:12:27","guid":{"rendered":"http:\/\/thomas-ott.net\/home\/?page_id=8"},"modified":"2017-07-19T10:33:55","modified_gmt":"2017-07-19T08:33:55","slug":"reisen","status":"publish","type":"page","link":"https:\/\/thomas-ott.net\/home\/?page_id=8","title":{"rendered":"Reisen"},"content":{"rendered":"                <div class=\"loop-wrap loop-medium-image-wrap category-18 \">\n                    <div class=\"hfeed entries blog-entries loop loop-medium-image no-sidebar\">\n                        <div id=\"post-20239\" class=\"hentry entry clearfix\">\n                            <div class=\"post-content clearfix\">\n                                <div class=\"post-category post-category-heading mimic-small uppercase has-no-media showing-media\">\n                                    <a href=\"https:\/\/thomas-ott.net\/home\/?cat=22\"><strong>Politik<\/strong><\/a>\n                                <\/div>\n                                <div class=\"ts-row\">\n                                    <div class=\"ts-meta-wrap meta-wrap\">\n                                                                                <div class=\"entry-info entry-info-post\"><p class=\"small-size clearfix \"><span class=\"meta-item meta-item-author author vcard stylized-meta\"><a href=\"https:\/\/thomas-ott.net\/home\/?author=1\" class=\"fn\">Thomas Ott<\/a><\/span><span class=\"meta-item meta-item-date published\" title=\"2024-11-09T21:44:29\">9 Nov.<\/span><span class=\"updated hidden\" title=\"2024-11-11T18:53:58\">Nov. 11<\/span><span class=\"meta-item meta-item-comments\"><a href=\"https:\/\/thomas-ott.net\/home\/?p=20239#comments\"><i class=\"fa fa-comments\"><\/i><span class=\"disqus-comment-count\" data-disqus-url=\"https:\/\/thomas-ott.net\/home\/?p=20239\">0<\/span><\/a><\/span><\/p><\/div>\n                                                                            <\/div>\n                                    <div class=\"entry-title-post span6\">  \n                                        <div class=\"title-date clearfix\">\n                                            <div class=\"title-info\">                                    \n                                                <h4  class=\"title-h entry-title \"><a href=\"https:\/\/thomas-ott.net\/home\/?p=20239\">Camp de Gurs<\/a><\/h4>\n                                            <\/div>\n                                        <\/div> \n                                        <div class=\"post\">                                        \n                                            <div class=\"wpautop-fix\"><p class=\"entry-summary \">Im Oktober 2024 durfte ich als Teil einer Delegation der Stadt Weinheim an der Gedenkveranstaltung auf dem Friedhof des Lagers Gurs in S\u00fcdwestfrankreich...<\/p><\/div>\n                                        <\/div>\n                                                                                <div class=\"read-more-wrap\">\n                                            <div class=\"read-more mimic-smaller uppercase\"><p class=\" more-details\"><a href=\"https:\/\/thomas-ott.net\/home\/?p=20239\" rel=\"bookmark\"><strong>Read More<\/a><\/strong><\/p><\/div>\n                                        <\/div>\n                                                                            <\/div>\n                                <\/div>\n                            <\/div>\n                        <\/div>\n                        <div id=\"post-20236\" class=\"hentry entry clearfix\">\n                            <div class=\"post-content clearfix\">\n                                <div class=\"post-category post-category-heading mimic-small uppercase has-media showing-media\">\n                                    <a href=\"https:\/\/thomas-ott.net\/home\/?cat=18\"><strong>Reisen<\/strong><\/a>\n                                <\/div>\n                                <div class=\"ts-row\">\n                                    <div class=\"ts-meta-wrap span6 media-meta-wrap\">\n                                        <div class=\"featured-media-wrap ts-fade-in  ts-featured-media-standard\"><div class=\"featured-photo  yes\"><a href=\"https:\/\/thomas-ott.net\/home\/?p=20236\" class=\"featured-photo-link\"><img decoding=\"async\" src=\"https:\/\/thomas-ott.net\/home\/wp-content\/uploads\/2024\/11\/20240828_131804-1024x768-510x287.jpg\" alt=\"\" width=\"510\" class=\"base-large\"\/><\/a><\/div>\n<\/div>                                        <div class=\"entry-info entry-info-post\"><p class=\"small-size clearfix \"><span class=\"meta-item meta-item-author author vcard stylized-meta\"><a href=\"https:\/\/thomas-ott.net\/home\/?author=1\" class=\"fn\">Thomas Ott<\/a><\/span><span class=\"meta-item meta-item-date published\" title=\"2024-11-09T21:36:25\">9 Nov.<\/span><span class=\"updated hidden\" title=\"2024-11-11T19:07:36\">Nov. 11<\/span><span class=\"meta-item meta-item-comments\"><a href=\"https:\/\/thomas-ott.net\/home\/?p=20236#comments\"><i class=\"fa fa-comments\"><\/i><span class=\"disqus-comment-count\" data-disqus-url=\"https:\/\/thomas-ott.net\/home\/?p=20236\">0<\/span><\/a><\/span><\/p><\/div>\n                                                                            <\/div>\n                                    <div class=\"entry-title-post span6\">  \n                                        <div class=\"title-date clearfix\">\n                                            <div class=\"title-info\">                                    \n                                                <h4  class=\"title-h entry-title \"><a href=\"https:\/\/thomas-ott.net\/home\/?p=20236\">Tour de Suisse 2024<\/a><\/h4>\n                                            <\/div>\n                                        <\/div> \n                                        <div class=\"post\">                                        \n                                            <div class=\"wpautop-fix\"><p class=\"entry-summary \">+++\n&nbsp;\n01 Singen &#8211; Konstanz &#8211; Romanshorn\nDistanz: 67,0 km\nH\u00f6henmeter: +250 \/ \u2013260\nFahrzeit: 04:31 h\n+++\nKomoot:...<\/p><\/div>\n                                        <\/div>\n                                                                                <div class=\"read-more-wrap\">\n                                            <div class=\"read-more mimic-smaller uppercase\"><p class=\" more-details\"><a href=\"https:\/\/thomas-ott.net\/home\/?p=20236\" rel=\"bookmark\"><strong>Read More<\/a><\/strong><\/p><\/div>\n                                        <\/div>\n                                                                            <\/div>\n                                <\/div>\n                            <\/div>\n                        <\/div>\n                        <div id=\"post-20050\" class=\"hentry entry clearfix\">\n                            <div class=\"post-content clearfix\">\n                                <div class=\"post-category post-category-heading mimic-small uppercase has-media showing-media\">\n                                    <a href=\"https:\/\/thomas-ott.net\/home\/?cat=1\"><strong>Allgemein<\/strong><\/a>\n                                <\/div>\n                                <div class=\"ts-row\">\n                                    <div class=\"ts-meta-wrap span6 media-meta-wrap\">\n                                        <div class=\"featured-media-wrap ts-fade-in  ts-featured-media-standard\"><div class=\"featured-photo  yes\"><a href=\"https:\/\/thomas-ott.net\/home\/?p=20050\" class=\"featured-photo-link\"><img decoding=\"async\" src=\"https:\/\/thomas-ott.net\/home\/wp-content\/uploads\/2024\/02\/Route-1024x634-510x287.png\" alt=\"\" width=\"510\" class=\"base-large\"\/><\/a><\/div>\n<\/div>                                        <div class=\"entry-info entry-info-post\"><p class=\"small-size clearfix \"><span class=\"meta-item meta-item-author author vcard stylized-meta\"><a href=\"https:\/\/thomas-ott.net\/home\/?author=1\" class=\"fn\">Thomas Ott<\/a><\/span><span class=\"meta-item meta-item-date published\" title=\"2024-02-06T22:06:56\">6 Feb.<\/span><span class=\"updated hidden\" title=\"2024-02-14T21:36:54\">Feb. 14<\/span><span class=\"meta-item meta-item-comments\"><a href=\"https:\/\/thomas-ott.net\/home\/?p=20050#comments\"><i class=\"fa fa-comments\"><\/i><span class=\"disqus-comment-count\" data-disqus-url=\"https:\/\/thomas-ott.net\/home\/?p=20050\">0<\/span><\/a><\/span><\/p><\/div>\n                                                                            <\/div>\n                                    <div class=\"entry-title-post span6\">  \n                                        <div class=\"title-date clearfix\">\n                                            <div class=\"title-info\">                                    \n                                                <h4  class=\"title-h entry-title \"><a href=\"https:\/\/thomas-ott.net\/home\/?p=20050\">AlpeAdriaXtended 2023<\/a><\/h4>\n                                            <\/div>\n                                        <\/div> \n                                        <div class=\"post\">                                        \n                                            <div class=\"wpautop-fix\"><p class=\"entry-summary \">Nach der Alpen\u00fcberquerung 2022, bei der wir es aus Zeitgr\u00fcnden nicht bis ans Mittelmeer geschafft haben, sind wir in diesem Jahr die klassische Route von...<\/p><\/div>\n                                        <\/div>\n                                                                                <div class=\"read-more-wrap\">\n                                            <div class=\"read-more mimic-smaller uppercase\"><p class=\" more-details\"><a href=\"https:\/\/thomas-ott.net\/home\/?p=20050\" rel=\"bookmark\"><strong>Read More<\/a><\/strong><\/p><\/div>\n                                        <\/div>\n                                                                            <\/div>\n                                <\/div>\n                            <\/div>\n                        <\/div>\n                        <div id=\"post-19827\" class=\"hentry entry clearfix\">\n                            <div class=\"post-content clearfix\">\n                                <div class=\"post-category post-category-heading mimic-small uppercase has-media showing-media\">\n                                    <a href=\"https:\/\/thomas-ott.net\/home\/?cat=1\"><strong>Allgemein<\/strong><\/a>\n                                <\/div>\n                                <div class=\"ts-row\">\n                                    <div class=\"ts-meta-wrap span6 media-meta-wrap\">\n                                        <div class=\"featured-media-wrap ts-fade-in  ts-featured-media-standard\"><div class=\"featured-photo  yes\"><a href=\"https:\/\/thomas-ott.net\/home\/?p=19827\" class=\"featured-photo-link\"><img decoding=\"async\" src=\"https:\/\/thomas-ott.net\/home\/wp-content\/uploads\/2022\/08\/Screenshot-2022-08-02-163349-1024x567-510x287.jpg\" alt=\"\" width=\"510\" class=\"base-large\"\/><\/a><\/div>\n<\/div>                                        <div class=\"entry-info entry-info-post\"><p class=\"small-size clearfix \"><span class=\"meta-item meta-item-author author vcard stylized-meta\"><a href=\"https:\/\/thomas-ott.net\/home\/?author=1\" class=\"fn\">Thomas Ott<\/a><\/span><span class=\"meta-item meta-item-date published\" title=\"2022-08-24T17:58:36\">24 Aug.<\/span><span class=\"updated hidden\" title=\"2022-12-29T19:57:03\">Dez. 29<\/span><span class=\"meta-item meta-item-comments\"><a href=\"https:\/\/thomas-ott.net\/home\/?p=19827#comments\"><i class=\"fa fa-comments\"><\/i><span class=\"disqus-comment-count\" data-disqus-url=\"https:\/\/thomas-ott.net\/home\/?p=19827\">2<\/span><\/a><\/span><\/p><\/div>\n                                                                            <\/div>\n                                    <div class=\"entry-title-post span6\">  \n                                        <div class=\"title-date clearfix\">\n                                            <div class=\"title-info\">                                    \n                                                <h4  class=\"title-h entry-title \"><a href=\"https:\/\/thomas-ott.net\/home\/?p=19827\">Alpenquerung 2022<\/a><\/h4>\n                                            <\/div>\n                                        <\/div> \n                                        <div class=\"post\">                                        \n                                            <div class=\"wpautop-fix\"><p class=\"entry-summary \">Dieses Jahr haben wir uns einen lange gehegten Traum erf\u00fcllt und die Alpen mit dem Fahrrad \u00fcberquert (nur mit Muskelkraft). Wir haben die Reise in 17 Etappen...<\/p><\/div>\n                                        <\/div>\n                                                                                <div class=\"read-more-wrap\">\n                                            <div class=\"read-more mimic-smaller uppercase\"><p class=\" more-details\"><a href=\"https:\/\/thomas-ott.net\/home\/?p=19827\" rel=\"bookmark\"><strong>Read More<\/a><\/strong><\/p><\/div>\n                                        <\/div>\n                                                                            <\/div>\n                                <\/div>\n                            <\/div>\n                        <\/div>\n                        <div id=\"post-19475\" class=\"hentry entry clearfix\">\n                            <div class=\"post-content clearfix\">\n                                <div class=\"post-category post-category-heading mimic-small uppercase has-media showing-media\">\n                                    <a href=\"https:\/\/thomas-ott.net\/home\/?cat=18\"><strong>Reisen<\/strong><\/a>\n                                <\/div>\n                                <div class=\"ts-row\">\n                                    <div class=\"ts-meta-wrap span6 media-meta-wrap\">\n                                        <div class=\"featured-media-wrap ts-fade-in  ts-featured-media-standard\"><div class=\"featured-photo  yes\"><a href=\"https:\/\/thomas-ott.net\/home\/?p=19475\" class=\"featured-photo-link\"><img decoding=\"async\" src=\"https:\/\/thomas-ott.net\/home\/wp-content\/uploads\/2019\/10\/gly_KoreaDMZ2006-10-1024x681-510x287.jpg\" alt=\"\" width=\"510\" class=\"base-large\"\/><\/a><\/div>\n<\/div>                                        <div class=\"entry-info entry-info-post\"><p class=\"small-size clearfix \"><span class=\"meta-item meta-item-author author vcard stylized-meta\"><a href=\"https:\/\/thomas-ott.net\/home\/?author=1\" class=\"fn\">Thomas Ott<\/a><\/span><span class=\"meta-item meta-item-date published\" title=\"2019-11-04T16:01:33\">4 Nov.<\/span><span class=\"updated hidden\" title=\"2024-05-27T22:43:13\">Mai 27<\/span><span class=\"meta-item meta-item-comments\"><a href=\"https:\/\/thomas-ott.net\/home\/?p=19475#comments\"><i class=\"fa fa-comments\"><\/i><span class=\"disqus-comment-count\" data-disqus-url=\"https:\/\/thomas-ott.net\/home\/?p=19475\">0<\/span><\/a><\/span><\/p><\/div>\n                                                                            <\/div>\n                                    <div class=\"entry-title-post span6\">  \n                                        <div class=\"title-date clearfix\">\n                                            <div class=\"title-info\">                                    \n                                                <h4  class=\"title-h entry-title \"><a href=\"https:\/\/thomas-ott.net\/home\/?p=19475\">Demilitarisierte Zone (Korea)<\/a><\/h4>\n                                            <\/div>\n                                        <\/div> \n                                        <div class=\"post\">                                        \n                                            <div class=\"wpautop-fix\"><p class=\"entry-summary \">\nTagesausflug in die Demilitarisierte Zone (DMZ) an der innerkoreanischen Grenze im November 2006. Diese entmilitarisierte Zone ist 248 Kilometer lang und...<\/p><\/div>\n                                        <\/div>\n                                                                                <div class=\"read-more-wrap\">\n                                            <div class=\"read-more mimic-smaller uppercase\"><p class=\" more-details\"><a href=\"https:\/\/thomas-ott.net\/home\/?p=19475\" rel=\"bookmark\"><strong>Read More<\/a><\/strong><\/p><\/div>\n                                        <\/div>\n                                                                            <\/div>\n                                <\/div>\n                            <\/div>\n                        <\/div>\n                        <div id=\"post-19062\" class=\"hentry entry clearfix\">\n                            <div class=\"post-content clearfix\">\n                                <div class=\"post-category post-category-heading mimic-small uppercase has-media showing-media\">\n                                    <a href=\"https:\/\/thomas-ott.net\/home\/?cat=18\"><strong>Reisen<\/strong><\/a>\n                                <\/div>\n                                <div class=\"ts-row\">\n                                    <div class=\"ts-meta-wrap span6 media-meta-wrap\">\n                                        <div class=\"featured-media-wrap ts-fade-in  ts-featured-media-standard\"><div class=\"featured-photo  yes\"><a href=\"https:\/\/thomas-ott.net\/home\/?p=19062\" class=\"featured-photo-link\"><img decoding=\"async\" src=\"https:\/\/thomas-ott.net\/home\/wp-content\/uploads\/2019\/01\/gly_Toronto92_title-510x287.jpg\" alt=\"\" width=\"510\" class=\"base-large\"\/><\/a><\/div>\n<\/div>                                        <div class=\"entry-info entry-info-post\"><p class=\"small-size clearfix \"><span class=\"meta-item meta-item-author author vcard stylized-meta\"><a href=\"https:\/\/thomas-ott.net\/home\/?author=1\" class=\"fn\">Thomas Ott<\/a><\/span><span class=\"meta-item meta-item-date published\" title=\"2019-01-07T09:40:57\">7 Jan.<\/span><span class=\"updated hidden\" title=\"2019-10-30T21:54:04\">Okt. 30<\/span><span class=\"meta-item meta-item-comments\"><a href=\"https:\/\/thomas-ott.net\/home\/?p=19062#comments\"><i class=\"fa fa-comments\"><\/i><span class=\"disqus-comment-count\" data-disqus-url=\"https:\/\/thomas-ott.net\/home\/?p=19062\">0<\/span><\/a><\/span><\/p><\/div>\n                                                                            <\/div>\n                                    <div class=\"entry-title-post span6\">  \n                                        <div class=\"title-date clearfix\">\n                                            <div class=\"title-info\">                                    \n                                                <h4  class=\"title-h entry-title \"><a href=\"https:\/\/thomas-ott.net\/home\/?p=19062\">Toronto<\/a><\/h4>\n                                            <\/div>\n                                        <\/div> \n                                        <div class=\"post\">                                        \n                                            <div class=\"wpautop-fix\"><p class=\"entry-summary \">\nLetzter Teil meiner gro\u00dfen Reise durch Kanada, Toronto im Oktober 1992.\n   ...<\/p><\/div>\n                                        <\/div>\n                                                                                <div class=\"read-more-wrap\">\n                                            <div class=\"read-more mimic-smaller uppercase\"><p class=\" more-details\"><a href=\"https:\/\/thomas-ott.net\/home\/?p=19062\" rel=\"bookmark\"><strong>Read More<\/a><\/strong><\/p><\/div>\n                                        <\/div>\n                                                                            <\/div>\n                                <\/div>\n                            <\/div>\n                        <\/div>\n                        <div id=\"post-19021\" class=\"hentry entry clearfix\">\n                            <div class=\"post-content clearfix\">\n                                <div class=\"post-category post-category-heading mimic-small uppercase has-media showing-media\">\n                                    <a href=\"https:\/\/thomas-ott.net\/home\/?cat=18\"><strong>Reisen<\/strong><\/a>\n                                <\/div>\n                                <div class=\"ts-row\">\n                                    <div class=\"ts-meta-wrap span6 media-meta-wrap\">\n                                        <div class=\"featured-media-wrap ts-fade-in  ts-featured-media-standard\"><div class=\"featured-photo  yes\"><a href=\"https:\/\/thomas-ott.net\/home\/?p=19021\" class=\"featured-photo-link\"><img decoding=\"async\" src=\"https:\/\/thomas-ott.net\/home\/wp-content\/uploads\/2019\/01\/gly_skydome92_title-510x287.jpg\" alt=\"\" width=\"510\" class=\"base-large\"\/><\/a><\/div>\n<\/div>                                        <div class=\"entry-info entry-info-post\"><p class=\"small-size clearfix \"><span class=\"meta-item meta-item-author author vcard stylized-meta\"><a href=\"https:\/\/thomas-ott.net\/home\/?author=1\" class=\"fn\">Thomas Ott<\/a><\/span><span class=\"meta-item meta-item-date published\" title=\"2019-01-06T21:10:58\">6 Jan.<\/span><span class=\"updated hidden\" title=\"2019-10-30T21:51:26\">Okt. 30<\/span><span class=\"meta-item meta-item-comments\"><a href=\"https:\/\/thomas-ott.net\/home\/?p=19021#comments\"><i class=\"fa fa-comments\"><\/i><span class=\"disqus-comment-count\" data-disqus-url=\"https:\/\/thomas-ott.net\/home\/?p=19021\">0<\/span><\/a><\/span><\/p><\/div>\n                                                                            <\/div>\n                                    <div class=\"entry-title-post span6\">  \n                                        <div class=\"title-date clearfix\">\n                                            <div class=\"title-info\">                                    \n                                                <h4  class=\"title-h entry-title \"><a href=\"https:\/\/thomas-ott.net\/home\/?p=19021\">SkyDome (Rogers Centre)<\/a><\/h4>\n                                            <\/div>\n                                        <\/div> \n                                        <div class=\"post\">                                        \n                                            <div class=\"wpautop-fix\"><p class=\"entry-summary \">\nFotos vom Game 2 der American League Championship Series am 8. Oktober 1992. Die Blue Jays gewannen das Spiel mit 3:1 und gewannen in diesem Jahr auch die...<\/p><\/div>\n                                        <\/div>\n                                                                                <div class=\"read-more-wrap\">\n                                            <div class=\"read-more mimic-smaller uppercase\"><p class=\" more-details\"><a href=\"https:\/\/thomas-ott.net\/home\/?p=19021\" rel=\"bookmark\"><strong>Read More<\/a><\/strong><\/p><\/div>\n                                        <\/div>\n                                                                            <\/div>\n                                <\/div>\n                            <\/div>\n                        <\/div>\n                        <div id=\"post-19017\" class=\"hentry entry clearfix\">\n                            <div class=\"post-content clearfix\">\n                                <div class=\"post-category post-category-heading mimic-small uppercase has-media showing-media\">\n                                    <a href=\"https:\/\/thomas-ott.net\/home\/?cat=18\"><strong>Reisen<\/strong><\/a>\n                                <\/div>\n                                <div class=\"ts-row\">\n                                    <div class=\"ts-meta-wrap span6 media-meta-wrap\">\n                                        <div class=\"featured-media-wrap ts-fade-in  ts-featured-media-standard\"><div class=\"featured-photo  yes\"><a href=\"https:\/\/thomas-ott.net\/home\/?p=19017\" class=\"featured-photo-link\"><img decoding=\"async\" src=\"https:\/\/thomas-ott.net\/home\/wp-content\/uploads\/2019\/01\/gly_safecofield_title-510x287.jpg\" alt=\"\" width=\"510\" class=\"base-large\"\/><\/a><\/div>\n<\/div>                                        <div class=\"entry-info entry-info-post\"><p class=\"small-size clearfix \"><span class=\"meta-item meta-item-author author vcard stylized-meta\"><a href=\"https:\/\/thomas-ott.net\/home\/?author=1\" class=\"fn\">Thomas Ott<\/a><\/span><span class=\"meta-item meta-item-date published\" title=\"2019-01-04T21:27:08\">4 Jan.<\/span><span class=\"updated hidden\" title=\"2019-10-30T21:56:13\">Okt. 30<\/span><span class=\"meta-item meta-item-comments\"><a href=\"https:\/\/thomas-ott.net\/home\/?p=19017#comments\"><i class=\"fa fa-comments\"><\/i><span class=\"disqus-comment-count\" data-disqus-url=\"https:\/\/thomas-ott.net\/home\/?p=19017\">0<\/span><\/a><\/span><\/p><\/div>\n                                                                            <\/div>\n                                    <div class=\"entry-title-post span6\">  \n                                        <div class=\"title-date clearfix\">\n                                            <div class=\"title-info\">                                    \n                                                <h4  class=\"title-h entry-title \"><a href=\"https:\/\/thomas-ott.net\/home\/?p=19017\">Safeco Field (T-Mobile Park)<\/a><\/h4>\n                                            <\/div>\n                                        <\/div> \n                                        <div class=\"post\">                                        \n                                            <div class=\"wpautop-fix\"><p class=\"entry-summary \">\nDas Safeco Field (seit 1.1.2019 T-Mobile Park) ist die Heimst\u00e4tte des MLB Teams der Seattle Mariners. Namensgeber des Stadions war seit 1998 die Safeco...<\/p><\/div>\n                                        <\/div>\n                                                                                <div class=\"read-more-wrap\">\n                                            <div class=\"read-more mimic-smaller uppercase\"><p class=\" more-details\"><a href=\"https:\/\/thomas-ott.net\/home\/?p=19017\" rel=\"bookmark\"><strong>Read More<\/a><\/strong><\/p><\/div>\n                                        <\/div>\n                                                                            <\/div>\n                                <\/div>\n                            <\/div>\n                        <\/div>\n                        <div id=\"post-18976\" class=\"hentry entry clearfix\">\n                            <div class=\"post-content clearfix\">\n                                <div class=\"post-category post-category-heading mimic-small uppercase has-media showing-media\">\n                                    <a href=\"https:\/\/thomas-ott.net\/home\/?cat=18\"><strong>Reisen<\/strong><\/a>\n                                <\/div>\n                                <div class=\"ts-row\">\n                                    <div class=\"ts-meta-wrap span6 media-meta-wrap\">\n                                        <div class=\"featured-media-wrap ts-fade-in  ts-featured-media-standard\"><div class=\"featured-photo  yes\"><a href=\"https:\/\/thomas-ott.net\/home\/?p=18976\" class=\"featured-photo-link\"><img decoding=\"async\" src=\"https:\/\/thomas-ott.net\/home\/wp-content\/uploads\/2018\/12\/gly_transcanada02_title-510x287.jpg\" alt=\"\" width=\"510\" class=\"base-large\"\/><\/a><\/div>\n<\/div>                                        <div class=\"entry-info entry-info-post\"><p class=\"small-size clearfix \"><span class=\"meta-item meta-item-author author vcard stylized-meta\"><a href=\"https:\/\/thomas-ott.net\/home\/?author=1\" class=\"fn\">Thomas Ott<\/a><\/span><span class=\"meta-item meta-item-date published\" title=\"2019-01-02T16:25:04\">2 Jan.<\/span><span class=\"updated hidden\" title=\"2019-10-30T22:02:12\">Okt. 30<\/span><span class=\"meta-item meta-item-comments\"><a href=\"https:\/\/thomas-ott.net\/home\/?p=18976#comments\"><i class=\"fa fa-comments\"><\/i><span class=\"disqus-comment-count\" data-disqus-url=\"https:\/\/thomas-ott.net\/home\/?p=18976\">1<\/span><\/a><\/span><\/p><\/div>\n                                                                            <\/div>\n                                    <div class=\"entry-title-post span6\">  \n                                        <div class=\"title-date clearfix\">\n                                            <div class=\"title-info\">                                    \n                                                <h4  class=\"title-h entry-title \"><a href=\"https:\/\/thomas-ott.net\/home\/?p=18976\">Mit dem Zug quer durch Kanada<\/a><\/h4>\n                                            <\/div>\n                                        <\/div> \n                                        <div class=\"post\">                                        \n                                            <div class=\"wpautop-fix\"><p class=\"entry-summary \">Teil 3 meiner transkontinentalen Kanadareise, die Bahnfahrt mit dem &#8222;Canadian&#8220; von Edmonton nach Toronto im Oktober 1992.\nEdmonton &#8211; Saskatoon &#8211; Winnipeg...<\/p><\/div>\n                                        <\/div>\n                                                                                <div class=\"read-more-wrap\">\n                                            <div class=\"read-more mimic-smaller uppercase\"><p class=\" more-details\"><a href=\"https:\/\/thomas-ott.net\/home\/?p=18976\" rel=\"bookmark\"><strong>Read More<\/a><\/strong><\/p><\/div>\n                                        <\/div>\n                                                                            <\/div>\n                                <\/div>\n                            <\/div>\n                        <\/div>\n                        <div id=\"post-18952\" class=\"hentry entry clearfix\">\n                            <div class=\"post-content clearfix\">\n                                <div class=\"post-category post-category-heading mimic-small uppercase has-media showing-media\">\n                                    <a href=\"https:\/\/thomas-ott.net\/home\/?cat=18\"><strong>Reisen<\/strong><\/a>\n                                <\/div>\n                                <div class=\"ts-row\">\n                                    <div class=\"ts-meta-wrap span6 media-meta-wrap\">\n                                        <div class=\"featured-media-wrap ts-fade-in  ts-featured-media-standard\"><div class=\"featured-photo  yes\"><a href=\"https:\/\/thomas-ott.net\/home\/?p=18952\" class=\"featured-photo-link\"><img decoding=\"async\" src=\"https:\/\/thomas-ott.net\/home\/wp-content\/uploads\/2018\/12\/gly_Calgary92_title-510x287.jpg\" alt=\"\" width=\"510\" class=\"base-large\"\/><\/a><\/div>\n<\/div>                                        <div class=\"entry-info entry-info-post\"><p class=\"small-size clearfix \"><span class=\"meta-item meta-item-author author vcard stylized-meta\"><a href=\"https:\/\/thomas-ott.net\/home\/?author=1\" class=\"fn\">Thomas Ott<\/a><\/span><span class=\"meta-item meta-item-date published\" title=\"2018-12-30T20:35:55\">30 Dez.<\/span><span class=\"updated hidden\" title=\"2019-10-30T13:30:00\">Okt. 30<\/span><span class=\"meta-item meta-item-comments\"><a href=\"https:\/\/thomas-ott.net\/home\/?p=18952#comments\"><i class=\"fa fa-comments\"><\/i><span class=\"disqus-comment-count\" data-disqus-url=\"https:\/\/thomas-ott.net\/home\/?p=18952\">1<\/span><\/a><\/span><\/p><\/div>\n                                                                            <\/div>\n                                    <div class=\"entry-title-post span6\">  \n                                        <div class=\"title-date clearfix\">\n                                            <div class=\"title-info\">                                    \n                                                <h4  class=\"title-h entry-title \"><a href=\"https:\/\/thomas-ott.net\/home\/?p=18952\">Calgary<\/a><\/h4>\n                                            <\/div>\n                                        <\/div> \n                                        <div class=\"post\">                                        \n                                            <div class=\"wpautop-fix\"><p class=\"entry-summary \">\nCalgary ist mit 1,2 Millionen Einwohnern die gr\u00f6\u00dfte Stadt in der Provinz Alberta sowie die viertgr\u00f6\u00dfte in ganz Kanada. Die im S\u00fcden der Provinz, etwa 80...<\/p><\/div>\n                                        <\/div>\n                                                                                <div class=\"read-more-wrap\">\n                                            <div class=\"read-more mimic-smaller uppercase\"><p class=\" more-details\"><a href=\"https:\/\/thomas-ott.net\/home\/?p=18952\" rel=\"bookmark\"><strong>Read More<\/a><\/strong><\/p><\/div>\n                                        <\/div>\n                                                                            <\/div>\n                                <\/div>\n                            <\/div>\n                        <\/div>\n                    <\/div>\n                    <div class=\"divider-shortcode divider\"><\/div><div class=\"pagination-wrap\"><p class=\"pagination clearfix\"><span class=\"subtle-text-color\"><i class=\"fa fa-angle-double-left\"><\/i><\/span><span class=\"subtle-text-color\"><i class=\"fa fa-angle-left\"><\/i><\/span><a href=\"https:\/\/thomas-ott.net\/home\/index.php?rest_route=%2Fwp%2Fv2%2Fpages%2F8\" class=\"active\"><strong>1<\/strong><\/a><a href=\"https:\/\/thomas-ott.net\/home\/index.php?rest_route=%2Fwp%2Fv2%2Fpages%2F8&#038;paged=2\" class=\"\">2<\/a><a href=\"https:\/\/thomas-ott.net\/home\/index.php?rest_route=%2Fwp%2Fv2%2Fpages%2F8&#038;paged=3\" class=\"\">3<\/a><a href=\"https:\/\/thomas-ott.net\/home\/index.php?rest_route=%2Fwp%2Fv2%2Fpages%2F8&#038;paged=2\" ><i class=\"fa fa-angle-right\"><\/i><\/a><a href=\"https:\/\/thomas-ott.net\/home\/index.php?rest_route=%2Fwp%2Fv2%2Fpages%2F8&#038;paged=3\"><i class=\"fa fa-angle-double-right\"><\/i><\/a><\/p><\/div>                <\/div>\n\n<p>&nbsp;<\/p>\n","protected":false},"excerpt":{"rendered":"<p>&nbsp;<\/p>\n","protected":false},"author":1,"featured_media":0,"parent":9,"menu_order":0,"comment_status":"open","ping_status":"open","template":"","meta":{"_acf_changed":false,"footnotes":""},"class_list":["post-8","page","type-page","status-publish","hentry"],"acf":[],"yoast_head":"<!-- This site is optimized with the Yoast SEO plugin v27.1.1 - https:\/\/yoast.com\/product\/yoast-seo-wordpress\/ -->\n<title>Reisen | The Secret Life of Thomas Ott<\/title>\n<meta name=\"robots\" content=\"index, follow, max-snippet:-1, max-image-preview:large, max-video-preview:-1\" \/>\n<link rel=\"canonical\" href=\"https:\/\/thomas-ott.net\/home\/?page_id=8\" \/>\n<meta property=\"og:locale\" content=\"de_DE\" \/>\n<meta property=\"og:type\" content=\"article\" \/>\n<meta property=\"og:title\" content=\"Reisen | The Secret Life of Thomas Ott\" \/>\n<meta property=\"og:description\" content=\"&nbsp;\" \/>\n<meta property=\"og:url\" content=\"https:\/\/thomas-ott.net\/home\/?page_id=8\" \/>\n<meta property=\"og:site_name\" content=\"The Secret Life of Thomas Ott\" \/>\n<meta property=\"article:publisher\" content=\"https:\/\/www.facebook.com\/oagis\" \/>\n<meta property=\"article:modified_time\" content=\"2017-07-19T08:33:55+00:00\" \/>\n<meta name=\"twitter:card\" content=\"summary_large_image\" \/>\n<meta name=\"twitter:site\" content=\"@oagis\" \/>\n<script type=\"application\/ld+json\" class=\"yoast-schema-graph\">{\"@context\":\"https:\/\/schema.org\",\"@graph\":[{\"@type\":\"WebPage\",\"@id\":\"https:\/\/thomas-ott.net\/home\/?page_id=8\",\"url\":\"https:\/\/thomas-ott.net\/home\/?page_id=8\",\"name\":\"Reisen | The Secret Life of Thomas Ott\",\"isPartOf\":{\"@id\":\"https:\/\/thomas-ott.net\/home\/#website\"},\"datePublished\":\"2010-06-09T14:12:27+00:00\",\"dateModified\":\"2017-07-19T08:33:55+00:00\",\"breadcrumb\":{\"@id\":\"https:\/\/thomas-ott.net\/home\/?page_id=8#breadcrumb\"},\"inLanguage\":\"de\",\"potentialAction\":[{\"@type\":\"ReadAction\",\"target\":[\"https:\/\/thomas-ott.net\/home\/?page_id=8\"]}]},{\"@type\":\"BreadcrumbList\",\"@id\":\"https:\/\/thomas-ott.net\/home\/?page_id=8#breadcrumb\",\"itemListElement\":[{\"@type\":\"ListItem\",\"position\":1,\"name\":\"Startseite\",\"item\":\"https:\/\/thomas-ott.net\/home\/\"},{\"@type\":\"ListItem\",\"position\":2,\"name\":\"Weltbilder\",\"item\":\"https:\/\/thomas-ott.net\/home\/?page_id=9\"},{\"@type\":\"ListItem\",\"position\":3,\"name\":\"Reisen\"}]},{\"@type\":\"WebSite\",\"@id\":\"https:\/\/thomas-ott.net\/home\/#website\",\"url\":\"https:\/\/thomas-ott.net\/home\/\",\"name\":\"The Secret Life of Thomas Ott\",\"description\":\"Website von Dr. Thomas Ott, Weinheim\",\"publisher\":{\"@id\":\"https:\/\/thomas-ott.net\/home\/#\/schema\/person\/0a142f0a3d76fa4af0513a832379747b\"},\"potentialAction\":[{\"@type\":\"SearchAction\",\"target\":{\"@type\":\"EntryPoint\",\"urlTemplate\":\"https:\/\/thomas-ott.net\/home\/?s={search_term_string}\"},\"query-input\":{\"@type\":\"PropertyValueSpecification\",\"valueRequired\":true,\"valueName\":\"search_term_string\"}}],\"inLanguage\":\"de\"},{\"@type\":[\"Person\",\"Organization\"],\"@id\":\"https:\/\/thomas-ott.net\/home\/#\/schema\/person\/0a142f0a3d76fa4af0513a832379747b\",\"name\":\"Thomas Ott\",\"image\":{\"@type\":\"ImageObject\",\"inLanguage\":\"de\",\"@id\":\"https:\/\/thomas-ott.net\/home\/#\/schema\/person\/image\/\",\"url\":\"https:\/\/secure.gravatar.com\/avatar\/984baf04fae50a93f41615cda6dee454fdc8be653bcfd6e45a10e9f54e05505b?s=96&d=mm&r=g\",\"contentUrl\":\"https:\/\/secure.gravatar.com\/avatar\/984baf04fae50a93f41615cda6dee454fdc8be653bcfd6e45a10e9f54e05505b?s=96&d=mm&r=g\",\"caption\":\"Thomas Ott\"},\"logo\":{\"@id\":\"https:\/\/thomas-ott.net\/home\/#\/schema\/person\/image\/\"},\"sameAs\":[\"https:\/\/www.facebook.com\/oagis\",\"https:\/\/www.instagram.com\/thomas_ott_66\/\",\"https:\/\/www.linkedin.com\/in\/oagis\/\",\"https:\/\/x.com\/oagis\"]}]}<\/script>\n<!-- \/ Yoast SEO plugin. -->","yoast_head_json":{"title":"Reisen | The Secret Life of Thomas Ott","robots":{"index":"index","follow":"follow","max-snippet":"max-snippet:-1","max-image-preview":"max-image-preview:large","max-video-preview":"max-video-preview:-1"},"canonical":"https:\/\/thomas-ott.net\/home\/?page_id=8","og_locale":"de_DE","og_type":"article","og_title":"Reisen | The Secret Life of Thomas Ott","og_description":"&nbsp;","og_url":"https:\/\/thomas-ott.net\/home\/?page_id=8","og_site_name":"The Secret Life of Thomas Ott","article_publisher":"https:\/\/www.facebook.com\/oagis","article_modified_time":"2017-07-19T08:33:55+00:00","twitter_card":"summary_large_image","twitter_site":"@oagis","schema":{"@context":"https:\/\/schema.org","@graph":[{"@type":"WebPage","@id":"https:\/\/thomas-ott.net\/home\/?page_id=8","url":"https:\/\/thomas-ott.net\/home\/?page_id=8","name":"Reisen | The Secret Life of Thomas Ott","isPartOf":{"@id":"https:\/\/thomas-ott.net\/home\/#website"},"datePublished":"2010-06-09T14:12:27+00:00","dateModified":"2017-07-19T08:33:55+00:00","breadcrumb":{"@id":"https:\/\/thomas-ott.net\/home\/?page_id=8#breadcrumb"},"inLanguage":"de","potentialAction":[{"@type":"ReadAction","target":["https:\/\/thomas-ott.net\/home\/?page_id=8"]}]},{"@type":"BreadcrumbList","@id":"https:\/\/thomas-ott.net\/home\/?page_id=8#breadcrumb","itemListElement":[{"@type":"ListItem","position":1,"name":"Startseite","item":"https:\/\/thomas-ott.net\/home\/"},{"@type":"ListItem","position":2,"name":"Weltbilder","item":"https:\/\/thomas-ott.net\/home\/?page_id=9"},{"@type":"ListItem","position":3,"name":"Reisen"}]},{"@type":"WebSite","@id":"https:\/\/thomas-ott.net\/home\/#website","url":"https:\/\/thomas-ott.net\/home\/","name":"The Secret Life of Thomas Ott","description":"Website von Dr. Thomas Ott, Weinheim","publisher":{"@id":"https:\/\/thomas-ott.net\/home\/#\/schema\/person\/0a142f0a3d76fa4af0513a832379747b"},"potentialAction":[{"@type":"SearchAction","target":{"@type":"EntryPoint","urlTemplate":"https:\/\/thomas-ott.net\/home\/?s={search_term_string}"},"query-input":{"@type":"PropertyValueSpecification","valueRequired":true,"valueName":"search_term_string"}}],"inLanguage":"de"},{"@type":["Person","Organization"],"@id":"https:\/\/thomas-ott.net\/home\/#\/schema\/person\/0a142f0a3d76fa4af0513a832379747b","name":"Thomas Ott","image":{"@type":"ImageObject","inLanguage":"de","@id":"https:\/\/thomas-ott.net\/home\/#\/schema\/person\/image\/","url":"https:\/\/secure.gravatar.com\/avatar\/984baf04fae50a93f41615cda6dee454fdc8be653bcfd6e45a10e9f54e05505b?s=96&d=mm&r=g","contentUrl":"https:\/\/secure.gravatar.com\/avatar\/984baf04fae50a93f41615cda6dee454fdc8be653bcfd6e45a10e9f54e05505b?s=96&d=mm&r=g","caption":"Thomas Ott"},"logo":{"@id":"https:\/\/thomas-ott.net\/home\/#\/schema\/person\/image\/"},"sameAs":["https:\/\/www.facebook.com\/oagis","https:\/\/www.instagram.com\/thomas_ott_66\/","https:\/\/www.linkedin.com\/in\/oagis\/","https:\/\/x.com\/oagis"]}]}},"_links":{"self":[{"href":"https:\/\/thomas-ott.net\/home\/index.php?rest_route=\/wp\/v2\/pages\/8","targetHints":{"allow":["GET"]}}],"collection":[{"href":"https:\/\/thomas-ott.net\/home\/index.php?rest_route=\/wp\/v2\/pages"}],"about":[{"href":"https:\/\/thomas-ott.net\/home\/index.php?rest_route=\/wp\/v2\/types\/page"}],"author":[{"embeddable":true,"href":"https:\/\/thomas-ott.net\/home\/index.php?rest_route=\/wp\/v2\/users\/1"}],"replies":[{"embeddable":true,"href":"https:\/\/thomas-ott.net\/home\/index.php?rest_route=%2Fwp%2Fv2%2Fcomments&post=8"}],"version-history":[{"count":12,"href":"https:\/\/thomas-ott.net\/home\/index.php?rest_route=\/wp\/v2\/pages\/8\/revisions"}],"predecessor-version":[{"id":17528,"href":"https:\/\/thomas-ott.net\/home\/index.php?rest_route=\/wp\/v2\/pages\/8\/revisions\/17528"}],"up":[{"embeddable":true,"href":"https:\/\/thomas-ott.net\/home\/index.php?rest_route=\/wp\/v2\/pages\/9"}],"wp:attachment":[{"href":"https:\/\/thomas-ott.net\/home\/index.php?rest_route=%2Fwp%2Fv2%2Fmedia&parent=8"}],"curies":[{"name":"wp","href":"https:\/\/api.w.org\/{rel}","templated":true}]}}