{"id":17604,"date":"2017-07-23T10:02:47","date_gmt":"2017-07-23T08:02:47","guid":{"rendered":"http:\/\/thomas-ott.net\/home\/?page_id=17604"},"modified":"2017-07-23T10:02:47","modified_gmt":"2017-07-23T08:02:47","slug":"buchbeitraege","status":"publish","type":"page","link":"https:\/\/thomas-ott.net\/home\/?page_id=17604","title":{"rendered":"Buchbeitr\u00e4ge"},"content":{"rendered":"                <div class=\"loop-wrap loop-medium-image-wrap category-246 \">\n                    <div class=\"hfeed entries blog-entries loop loop-medium-image no-sidebar\">\n                        <div id=\"post-422\" class=\"hentry entry clearfix\">\n                            <div class=\"post-content clearfix\">\n                                <div class=\"post-category post-category-heading mimic-small uppercase has-media showing-media\">\n                                    <a href=\"https:\/\/thomas-ott.net\/home\/?cat=246\"><strong>Buchbeitr\u00e4ge<\/strong><\/a>\n                                <\/div>\n                                <div class=\"ts-row\">\n                                    <div class=\"ts-meta-wrap span6 media-meta-wrap\">\n                                        <div class=\"featured-media-wrap ts-fade-in  ts-featured-media-standard\"><div class=\"featured-photo  yes\"><a href=\"https:\/\/thomas-ott.net\/home\/?p=422\" class=\"featured-photo-link\"><img decoding=\"async\" src=\"https:\/\/thomas-ott.net\/home\/wp-content\/uploads\/2012\/10\/pub_MatGeo-510x287.jpg\" alt=\"\" width=\"510\" class=\"base-large\"\/><\/a><\/div>\n<\/div>                                        <div class=\"entry-info entry-info-post\"><p class=\"small-size clearfix \"><span class=\"meta-item meta-item-author author vcard stylized-meta\"><a href=\"https:\/\/thomas-ott.net\/home\/?author=1\" class=\"fn\">Thomas Ott<\/a><\/span><span class=\"meta-item meta-item-date published\" title=\"2012-10-13T17:41:33\">13 Okt.<\/span><span class=\"updated hidden\" title=\"2018-12-11T20:39:37\">Dez. 11<\/span><span class=\"meta-item meta-item-comments\"><a href=\"https:\/\/thomas-ott.net\/home\/?p=422#comments\"><i class=\"fa fa-comments\"><\/i><span class=\"disqus-comment-count\" data-disqus-url=\"https:\/\/thomas-ott.net\/home\/?p=422\">0<\/span><\/a><\/span><\/p><\/div>\n                                                                            <\/div>\n                                    <div class=\"entry-title-post span6\">  \n                                        <div class=\"title-date clearfix\">\n                                            <div class=\"title-info\">                                    \n                                                <h4  class=\"title-h entry-title \"><a href=\"https:\/\/thomas-ott.net\/home\/?p=422\">Der Naturpark Pf\u00e4lzer Wald in der Wahrnehmung von Tagestouristen. Eine perzeptionsgeographische Studie auf der Basis von Mental Maps<\/a><\/h4>\n                                            <\/div>\n                                        <\/div> \n                                        <div class=\"post\">                                        \n                                            <div class=\"wpautop-fix\"><p class=\"entry-summary \">OTT, Thomas (1994): Der Naturpark Pf\u00e4lzer Wald in der Wahrnehmung von Tagestouristen. Eine perzeptionsgeographische Studie auf der Basis von Mental Maps. In:...<\/p><\/div>\n                                        <\/div>\n                                                                                <div class=\"read-more-wrap\">\n                                            <div class=\"read-more mimic-smaller uppercase\"><p class=\" more-details\"><a href=\"https:\/\/thomas-ott.net\/home\/?p=422\" rel=\"bookmark\"><strong>Read More<\/a><\/strong><\/p><\/div>\n                                        <\/div>\n                                                                            <\/div>\n                                <\/div>\n                            <\/div>\n                        <\/div>\n                        <div id=\"post-417\" class=\"hentry entry clearfix\">\n                            <div class=\"post-content clearfix\">\n                                <div class=\"post-category post-category-heading mimic-small uppercase has-media showing-media\">\n                                    <a href=\"https:\/\/thomas-ott.net\/home\/?cat=246\"><strong>Buchbeitr\u00e4ge<\/strong><\/a>\n                                <\/div>\n                                <div class=\"ts-row\">\n                                    <div class=\"ts-meta-wrap span6 media-meta-wrap\">\n                                        <div class=\"featured-media-wrap ts-fade-in  ts-featured-media-standard\"><div class=\"featured-photo  yes\"><a href=\"https:\/\/thomas-ott.net\/home\/?p=417\" class=\"featured-photo-link\"><img decoding=\"async\" src=\"https:\/\/thomas-ott.net\/home\/wp-content\/uploads\/2012\/10\/pub_EGS1-510x287.jpg\" alt=\"\" width=\"510\" class=\"base-large\"\/><\/a><\/div>\n<\/div>                                        <div class=\"entry-info entry-info-post\"><p class=\"small-size clearfix \"><span class=\"meta-item meta-item-author author vcard stylized-meta\"><a href=\"https:\/\/thomas-ott.net\/home\/?author=1\" class=\"fn\">Thomas Ott<\/a><\/span><span class=\"meta-item meta-item-date published\" title=\"2012-10-13T17:32:40\">13 Okt.<\/span><span class=\"updated hidden\" title=\"2019-02-24T21:34:00\">Feb. 24<\/span><span class=\"meta-item meta-item-comments\"><a href=\"https:\/\/thomas-ott.net\/home\/?p=417#comments\"><i class=\"fa fa-comments\"><\/i><span class=\"disqus-comment-count\" data-disqus-url=\"https:\/\/thomas-ott.net\/home\/?p=417\">0<\/span><\/a><\/span><\/p><\/div>\n                                                                            <\/div>\n                                    <div class=\"entry-title-post span6\">  \n                                        <div class=\"title-date clearfix\">\n                                            <div class=\"title-info\">                                    \n                                                <h4  class=\"title-h entry-title \"><a href=\"https:\/\/thomas-ott.net\/home\/?p=417\">Regionale Effekte einer Neugr\u00fcndung der Universit\u00e4t Erfurt<\/a><\/h4>\n                                            <\/div>\n                                        <\/div> \n                                        <div class=\"post\">                                        \n                                            <div class=\"wpautop-fix\"><p class=\"entry-summary \">OTT, Thomas (1993): Regionale Effekte einer Neugr\u00fcndung der Universit\u00e4t Erfurt. In: GANS, P. \/ BRICKS, W. (Eds.): Th\u00fcringen &#8211; Zur\u00a0 Geographie des neuen...<\/p><\/div>\n                                        <\/div>\n                                                                                <div class=\"read-more-wrap\">\n                                            <div class=\"read-more mimic-smaller uppercase\"><p class=\" more-details\"><a href=\"https:\/\/thomas-ott.net\/home\/?p=417\" rel=\"bookmark\"><strong>Read More<\/a><\/strong><\/p><\/div>\n                                        <\/div>\n                                                                            <\/div>\n                                <\/div>\n                            <\/div>\n                        <\/div>\n                        <div id=\"post-327\" class=\"hentry entry clearfix\">\n                            <div class=\"post-content clearfix\">\n                                <div class=\"post-category post-category-heading mimic-small uppercase has-media showing-media\">\n                                    <a href=\"https:\/\/thomas-ott.net\/home\/?cat=246\"><strong>Buchbeitr\u00e4ge<\/strong><\/a>\n                                <\/div>\n                                <div class=\"ts-row\">\n                                    <div class=\"ts-meta-wrap span6 media-meta-wrap\">\n                                        <div class=\"featured-media-wrap ts-fade-in  ts-featured-media-standard\"><div class=\"featured-photo  yes\"><a href=\"https:\/\/thomas-ott.net\/home\/?p=327\" class=\"featured-photo-link\"><img decoding=\"async\" src=\"https:\/\/thomas-ott.net\/home\/wp-content\/uploads\/2018\/11\/pub_Natlas_12_48-510x287.jpg\" alt=\"\" width=\"510\" class=\"base-large\"\/><\/a><\/div>\n<\/div>                                        <div class=\"entry-info entry-info-post\"><p class=\"small-size clearfix \"><span class=\"meta-item meta-item-author author vcard stylized-meta\"><a href=\"https:\/\/thomas-ott.net\/home\/?author=1\" class=\"fn\">Thomas Ott<\/a><\/span><span class=\"meta-item meta-item-date published\" title=\"2011-03-18T15:10:49\">18 M\u00e4rz<\/span><span class=\"updated hidden\" title=\"2018-11-20T21:56:15\">Nov. 20<\/span><span class=\"meta-item meta-item-comments\"><a href=\"https:\/\/thomas-ott.net\/home\/?p=327#comments\"><i class=\"fa fa-comments\"><\/i><span class=\"disqus-comment-count\" data-disqus-url=\"https:\/\/thomas-ott.net\/home\/?p=327\">0<\/span><\/a><\/span><\/p><\/div>\n                                                                            <\/div>\n                                    <div class=\"entry-title-post span6\">  \n                                        <div class=\"title-date clearfix\">\n                                            <div class=\"title-info\">                                    \n                                                <h4  class=\"title-h entry-title \"><a href=\"https:\/\/thomas-ott.net\/home\/?p=327\">Kinderwunsch \u2013 immer sp\u00e4ter und oft unerf\u00fcllt<\/a><\/h4>\n                                            <\/div>\n                                        <\/div> \n                                        <div class=\"post\">                                        \n                                            <div class=\"wpautop-fix\"><p class=\"entry-summary \">OTT, Thomas \/ SCHMITZ-VELTIN, Ansgar \/ WEST Christina (2006): Kinderwunsch \u2013 immer sp\u00e4ter und oft unerf\u00fcllt. In: Leibniz-Institut f\u00fcr L\u00e4nderkunde (Eds.):...<\/p><\/div>\n                                        <\/div>\n                                                                                <div class=\"read-more-wrap\">\n                                            <div class=\"read-more mimic-smaller uppercase\"><p class=\" more-details\"><a href=\"https:\/\/thomas-ott.net\/home\/?p=327\" rel=\"bookmark\"><strong>Read More<\/a><\/strong><\/p><\/div>\n                                        <\/div>\n                                                                            <\/div>\n                                <\/div>\n                            <\/div>\n                        <\/div>\n                        <div id=\"post-325\" class=\"hentry entry clearfix\">\n                            <div class=\"post-content clearfix\">\n                                <div class=\"post-category post-category-heading mimic-small uppercase has-media showing-media\">\n                                    <a href=\"https:\/\/thomas-ott.net\/home\/?cat=246\"><strong>Buchbeitr\u00e4ge<\/strong><\/a>\n                                <\/div>\n                                <div class=\"ts-row\">\n                                    <div class=\"ts-meta-wrap span6 media-meta-wrap\">\n                                        <div class=\"featured-media-wrap ts-fade-in  ts-featured-media-standard\"><div class=\"featured-photo  yes\"><a href=\"https:\/\/thomas-ott.net\/home\/?p=325\" class=\"featured-photo-link\"><img decoding=\"async\" src=\"https:\/\/thomas-ott.net\/home\/wp-content\/uploads\/2018\/11\/pub_Natlas_12_50-510x287.jpg\" alt=\"\" width=\"510\" class=\"base-large\"\/><\/a><\/div>\n<\/div>                                        <div class=\"entry-info entry-info-post\"><p class=\"small-size clearfix \"><span class=\"meta-item meta-item-author author vcard stylized-meta\"><a href=\"https:\/\/thomas-ott.net\/home\/?author=1\" class=\"fn\">Thomas Ott<\/a><\/span><span class=\"meta-item meta-item-date published\" title=\"2011-03-18T15:10:04\">18 M\u00e4rz<\/span><span class=\"updated hidden\" title=\"2018-11-20T22:12:16\">Nov. 20<\/span><span class=\"meta-item meta-item-comments\"><a href=\"https:\/\/thomas-ott.net\/home\/?p=325#comments\"><i class=\"fa fa-comments\"><\/i><span class=\"disqus-comment-count\" data-disqus-url=\"https:\/\/thomas-ott.net\/home\/?p=325\">0<\/span><\/a><\/span><\/p><\/div>\n                                                                            <\/div>\n                                    <div class=\"entry-title-post span6\">  \n                                        <div class=\"title-date clearfix\">\n                                            <div class=\"title-info\">                                    \n                                                <h4  class=\"title-h entry-title \"><a href=\"https:\/\/thomas-ott.net\/home\/?p=325\">Kind sein in der Konsumgesellschaft<\/a><\/h4>\n                                            <\/div>\n                                        <\/div> \n                                        <div class=\"post\">                                        \n                                            <div class=\"wpautop-fix\"><p class=\"entry-summary \">OTT, Thomas \/ SCHMITZ-VELTIN, Ansgar \/ WEST Christina (2006): Kind sein in der Konsumgesellschaft. In: Leibniz-Institut f\u00fcr L\u00e4nderkunde (Eds.): Nationalatlas...<\/p><\/div>\n                                        <\/div>\n                                                                                <div class=\"read-more-wrap\">\n                                            <div class=\"read-more mimic-smaller uppercase\"><p class=\" more-details\"><a href=\"https:\/\/thomas-ott.net\/home\/?p=325\" rel=\"bookmark\"><strong>Read More<\/a><\/strong><\/p><\/div>\n                                        <\/div>\n                                                                            <\/div>\n                                <\/div>\n                            <\/div>\n                        <\/div>\n                        <div id=\"post-321\" class=\"hentry entry clearfix\">\n                            <div class=\"post-content clearfix\">\n                                <div class=\"post-category post-category-heading mimic-small uppercase has-no-media showing-media\">\n                                    <a href=\"https:\/\/thomas-ott.net\/home\/?cat=246\"><strong>Buchbeitr\u00e4ge<\/strong><\/a>\n                                <\/div>\n                                <div class=\"ts-row\">\n                                    <div class=\"ts-meta-wrap meta-wrap\">\n                                                                                <div class=\"entry-info entry-info-post\"><p class=\"small-size clearfix \"><span class=\"meta-item meta-item-author author vcard stylized-meta\"><a href=\"https:\/\/thomas-ott.net\/home\/?author=1\" class=\"fn\">Thomas Ott<\/a><\/span><span class=\"meta-item meta-item-date published\" title=\"2011-03-18T15:07:57\">18 M\u00e4rz<\/span><span class=\"updated hidden\" title=\"2018-11-13T17:06:31\">Nov. 13<\/span><span class=\"meta-item meta-item-comments\"><a href=\"https:\/\/thomas-ott.net\/home\/?p=321#comments\"><i class=\"fa fa-comments\"><\/i><span class=\"disqus-comment-count\" data-disqus-url=\"https:\/\/thomas-ott.net\/home\/?p=321\">0<\/span><\/a><\/span><\/p><\/div>\n                                                                            <\/div>\n                                    <div class=\"entry-title-post span6\">  \n                                        <div class=\"title-date clearfix\">\n                                            <div class=\"title-info\">                                    \n                                                <h4  class=\"title-h entry-title \"><a href=\"https:\/\/thomas-ott.net\/home\/?p=321\">Nachhaltigkeitsorientierte Stoffstrommanagementsysteme<\/a><\/h4>\n                                            <\/div>\n                                        <\/div> \n                                        <div class=\"post\">                                        \n                                            <div class=\"wpautop-fix\"><p class=\"entry-summary \">OTT, Thomas \/ STERR, Thomas (2005): Nachhaltigkeitsorientierte Stoffstrommanagementsysteme. In: Projekttr\u00e4ger Forschungszentrum Karlsruhe (Ed.): Forschung f\u00fcr...<\/p><\/div>\n                                        <\/div>\n                                                                                <div class=\"read-more-wrap\">\n                                            <div class=\"read-more mimic-smaller uppercase\"><p class=\" more-details\"><a href=\"https:\/\/thomas-ott.net\/home\/?p=321\" rel=\"bookmark\"><strong>Read More<\/a><\/strong><\/p><\/div>\n                                        <\/div>\n                                                                            <\/div>\n                                <\/div>\n                            <\/div>\n                        <\/div>\n                        <div id=\"post-297\" class=\"hentry entry clearfix\">\n                            <div class=\"post-content clearfix\">\n                                <div class=\"post-category post-category-heading mimic-small uppercase has-no-media showing-media\">\n                                    <a href=\"https:\/\/thomas-ott.net\/home\/?cat=246\"><strong>Buchbeitr\u00e4ge<\/strong><\/a>\n                                <\/div>\n                                <div class=\"ts-row\">\n                                    <div class=\"ts-meta-wrap meta-wrap\">\n                                                                                <div class=\"entry-info entry-info-post\"><p class=\"small-size clearfix \"><span class=\"meta-item meta-item-author author vcard stylized-meta\"><a href=\"https:\/\/thomas-ott.net\/home\/?author=1\" class=\"fn\">Thomas Ott<\/a><\/span><span class=\"meta-item meta-item-date published\" title=\"2011-03-18T14:54:59\">18 M\u00e4rz<\/span><span class=\"updated hidden\" title=\"2018-11-13T17:06:32\">Nov. 13<\/span><span class=\"meta-item meta-item-comments\"><a href=\"https:\/\/thomas-ott.net\/home\/?p=297#comments\"><i class=\"fa fa-comments\"><\/i><span class=\"disqus-comment-count\" data-disqus-url=\"https:\/\/thomas-ott.net\/home\/?p=297\">0<\/span><\/a><\/span><\/p><\/div>\n                                                                            <\/div>\n                                    <div class=\"entry-title-post span6\">  \n                                        <div class=\"title-date clearfix\">\n                                            <div class=\"title-info\">                                    \n                                                <h4  class=\"title-h entry-title \"><a href=\"https:\/\/thomas-ott.net\/home\/?p=297\">Instruments for the promotion of a sustainability oriented management of waste by inter-industrial coordination within an industrial region<\/a><\/h4>\n                                            <\/div>\n                                        <\/div> \n                                        <div class=\"post\">                                        \n                                            <div class=\"wpautop-fix\"><p class=\"entry-summary \">STERR, Thomas \/ OTT, Thomas (2002): Instruments for the promotion of a sustainability oriented management of waste by inter-industrial coordination within an...<\/p><\/div>\n                                        <\/div>\n                                                                                <div class=\"read-more-wrap\">\n                                            <div class=\"read-more mimic-smaller uppercase\"><p class=\" more-details\"><a href=\"https:\/\/thomas-ott.net\/home\/?p=297\" rel=\"bookmark\"><strong>Read More<\/a><\/strong><\/p><\/div>\n                                        <\/div>\n                                                                            <\/div>\n                                <\/div>\n                            <\/div>\n                        <\/div>\n                        <div id=\"post-289\" class=\"hentry entry clearfix\">\n                            <div class=\"post-content clearfix\">\n                                <div class=\"post-category post-category-heading mimic-small uppercase has-media showing-media\">\n                                    <a href=\"https:\/\/thomas-ott.net\/home\/?cat=246\"><strong>Buchbeitr\u00e4ge<\/strong><\/a>\n                                <\/div>\n                                <div class=\"ts-row\">\n                                    <div class=\"ts-meta-wrap span6 media-meta-wrap\">\n                                        <div class=\"featured-media-wrap ts-fade-in  ts-featured-media-standard\"><div class=\"featured-photo  yes\"><a href=\"https:\/\/thomas-ott.net\/home\/?p=289\" class=\"featured-photo-link\"><img decoding=\"async\" src=\"https:\/\/thomas-ott.net\/home\/wp-content\/uploads\/2018\/12\/pub_thexk1-510x287.jpg\" alt=\"\" width=\"510\" class=\"base-large\"\/><\/a><\/div>\n<\/div>                                        <div class=\"entry-info entry-info-post\"><p class=\"small-size clearfix \"><span class=\"meta-item meta-item-author author vcard stylized-meta\"><a href=\"https:\/\/thomas-ott.net\/home\/?author=1\" class=\"fn\">Thomas Ott<\/a><\/span><span class=\"meta-item meta-item-date published\" title=\"2011-03-18T14:49:18\">18 M\u00e4rz<\/span><span class=\"updated hidden\" title=\"2019-05-22T14:50:05\">Mai 22<\/span><span class=\"meta-item meta-item-comments\"><a href=\"https:\/\/thomas-ott.net\/home\/?p=289#comments\"><i class=\"fa fa-comments\"><\/i><span class=\"disqus-comment-count\" data-disqus-url=\"https:\/\/thomas-ott.net\/home\/?p=289\">0<\/span><\/a><\/span><\/p><\/div>\n                                                                            <\/div>\n                                    <div class=\"entry-title-post span6\">  \n                                        <div class=\"title-date clearfix\">\n                                            <div class=\"title-info\">                                    \n                                                <h4  class=\"title-h entry-title \"><a href=\"https:\/\/thomas-ott.net\/home\/?p=289\">Apfelst\u00e4dt \u2013 Erfurt-Vieselbach \u2013 G\u00fcterverkehrszentrum Th\u00fcringens?<\/a><\/h4>\n                                            <\/div>\n                                        <\/div> \n                                        <div class=\"post\">                                        \n                                            <div class=\"wpautop-fix\"><p class=\"entry-summary \">OTT, Thomas (2001): Apfelst\u00e4dt \u2013 Erfurt-Vieselbach \u2013 G\u00fcterverkehrszentrum Th\u00fcringens? In: SEDLACEK, P. (Ed.): Th\u00fcringen &#8211; Geographische Exkursionen, Gotha:...<\/p><\/div>\n                                        <\/div>\n                                                                                <div class=\"read-more-wrap\">\n                                            <div class=\"read-more mimic-smaller uppercase\"><p class=\" more-details\"><a href=\"https:\/\/thomas-ott.net\/home\/?p=289\" rel=\"bookmark\"><strong>Read More<\/a><\/strong><\/p><\/div>\n                                        <\/div>\n                                                                            <\/div>\n                                <\/div>\n                            <\/div>\n                        <\/div>\n                        <div id=\"post-287\" class=\"hentry entry clearfix\">\n                            <div class=\"post-content clearfix\">\n                                <div class=\"post-category post-category-heading mimic-small uppercase has-media showing-media\">\n                                    <a href=\"https:\/\/thomas-ott.net\/home\/?cat=246\"><strong>Buchbeitr\u00e4ge<\/strong><\/a>\n                                <\/div>\n                                <div class=\"ts-row\">\n                                    <div class=\"ts-meta-wrap span6 media-meta-wrap\">\n                                        <div class=\"featured-media-wrap ts-fade-in  ts-featured-media-standard\"><div class=\"featured-photo  yes\"><a href=\"https:\/\/thomas-ott.net\/home\/?p=287\" class=\"featured-photo-link\"><img decoding=\"async\" src=\"https:\/\/thomas-ott.net\/home\/wp-content\/uploads\/2018\/12\/pub_wien2000-510x287.jpg\" alt=\"\" width=\"510\" class=\"base-large\"\/><\/a><\/div>\n<\/div>                                        <div class=\"entry-info entry-info-post\"><p class=\"small-size clearfix \"><span class=\"meta-item meta-item-author author vcard stylized-meta\"><a href=\"https:\/\/thomas-ott.net\/home\/?author=1\" class=\"fn\">Thomas Ott<\/a><\/span><span class=\"meta-item meta-item-date published\" title=\"2011-03-17T16:25:33\">17 M\u00e4rz<\/span><span class=\"updated hidden\" title=\"2018-12-01T19:07:57\">Dez. 1<\/span><span class=\"meta-item meta-item-comments\"><a href=\"https:\/\/thomas-ott.net\/home\/?p=287#comments\"><i class=\"fa fa-comments\"><\/i><span class=\"disqus-comment-count\" data-disqus-url=\"https:\/\/thomas-ott.net\/home\/?p=287\">1<\/span><\/a><\/span><\/p><\/div>\n                                                                            <\/div>\n                                    <div class=\"entry-title-post span6\">  \n                                        <div class=\"title-date clearfix\">\n                                            <div class=\"title-info\">                                    \n                                                <h4  class=\"title-h entry-title \"><a href=\"https:\/\/thomas-ott.net\/home\/?p=287\">Convergence and divergence of urban development on both sides of the 49th parallel in the age of globalization<\/a><\/h4>\n                                            <\/div>\n                                        <\/div> \n                                        <div class=\"post\">                                        \n                                            <div class=\"wpautop-fix\"><p class=\"entry-summary \">OTT, Thomas (2001): Convergence and divergence of urban development on both sides of the 49th parallel in the age of globalization. In: KIRSCH, F.P. \/...<\/p><\/div>\n                                        <\/div>\n                                                                                <div class=\"read-more-wrap\">\n                                            <div class=\"read-more mimic-smaller uppercase\"><p class=\" more-details\"><a href=\"https:\/\/thomas-ott.net\/home\/?p=287\" rel=\"bookmark\"><strong>Read More<\/a><\/strong><\/p><\/div>\n                                        <\/div>\n                                                                            <\/div>\n                                <\/div>\n                            <\/div>\n                        <\/div>\n                        <div id=\"post-283\" class=\"hentry entry clearfix\">\n                            <div class=\"post-content clearfix\">\n                                <div class=\"post-category post-category-heading mimic-small uppercase has-media showing-media\">\n                                    <a href=\"https:\/\/thomas-ott.net\/home\/?cat=246\"><strong>Buchbeitr\u00e4ge<\/strong><\/a>\n                                <\/div>\n                                <div class=\"ts-row\">\n                                    <div class=\"ts-meta-wrap span6 media-meta-wrap\">\n                                        <div class=\"featured-media-wrap ts-fade-in  ts-featured-media-standard\"><div class=\"featured-photo  yes\"><a href=\"https:\/\/thomas-ott.net\/home\/?p=283\" class=\"featured-photo-link\"><img decoding=\"async\" src=\"https:\/\/thomas-ott.net\/home\/wp-content\/uploads\/2018\/11\/Natlas_04_44-510x287.jpg\" alt=\"\" width=\"510\" class=\"base-large\"\/><\/a><\/div>\n<\/div>                                        <div class=\"entry-info entry-info-post\"><p class=\"small-size clearfix \"><span class=\"meta-item meta-item-author author vcard stylized-meta\"><a href=\"https:\/\/thomas-ott.net\/home\/?author=1\" class=\"fn\">Thomas Ott<\/a><\/span><span class=\"meta-item meta-item-date published\" title=\"2011-03-17T16:23:58\">17 M\u00e4rz<\/span><span class=\"updated hidden\" title=\"2018-11-20T22:13:44\">Nov. 20<\/span><span class=\"meta-item meta-item-comments\"><a href=\"https:\/\/thomas-ott.net\/home\/?p=283#comments\"><i class=\"fa fa-comments\"><\/i><span class=\"disqus-comment-count\" data-disqus-url=\"https:\/\/thomas-ott.net\/home\/?p=283\">1<\/span><\/a><\/span><\/p><\/div>\n                                                                            <\/div>\n                                    <div class=\"entry-title-post span6\">  \n                                        <div class=\"title-date clearfix\">\n                                            <div class=\"title-info\">                                    \n                                                <h4  class=\"title-h entry-title \"><a href=\"https:\/\/thomas-ott.net\/home\/?p=283\">Bev\u00f6lkerungsentwicklung in Europa<\/a><\/h4>\n                                            <\/div>\n                                        <\/div> \n                                        <div class=\"post\">                                        \n                                            <div class=\"wpautop-fix\"><p class=\"entry-summary \">OTT, Thomas (2001): Bev\u00f6lkerungsentwicklung in Europa. In: GANS, P. \/ KEMPER, F.-J. (Eds.): Nationalatlas Bundesrepublik Deutschland, Bd. 4: Bev\u00f6lkerung,...<\/p><\/div>\n                                        <\/div>\n                                                                                <div class=\"read-more-wrap\">\n                                            <div class=\"read-more mimic-smaller uppercase\"><p class=\" more-details\"><a href=\"https:\/\/thomas-ott.net\/home\/?p=283\" rel=\"bookmark\"><strong>Read More<\/a><\/strong><\/p><\/div>\n                                        <\/div>\n                                                                            <\/div>\n                                <\/div>\n                            <\/div>\n                        <\/div>\n                        <div id=\"post-281\" class=\"hentry entry clearfix\">\n                            <div class=\"post-content clearfix\">\n                                <div class=\"post-category post-category-heading mimic-small uppercase has-media showing-media\">\n                                    <a href=\"https:\/\/thomas-ott.net\/home\/?cat=246\"><strong>Buchbeitr\u00e4ge<\/strong><\/a>\n                                <\/div>\n                                <div class=\"ts-row\">\n                                    <div class=\"ts-meta-wrap span6 media-meta-wrap\">\n                                        <div class=\"featured-media-wrap ts-fade-in  ts-featured-media-standard\"><div class=\"featured-photo  yes\"><a href=\"https:\/\/thomas-ott.net\/home\/?p=281\" class=\"featured-photo-link\"><img decoding=\"async\" src=\"https:\/\/thomas-ott.net\/home\/wp-content\/uploads\/2018\/11\/Natlas_04_52-510x287.jpg\" alt=\"\" width=\"510\" class=\"base-large\"\/><\/a><\/div>\n<\/div>                                        <div class=\"entry-info entry-info-post\"><p class=\"small-size clearfix \"><span class=\"meta-item meta-item-author author vcard stylized-meta\"><a href=\"https:\/\/thomas-ott.net\/home\/?author=1\" class=\"fn\">Thomas Ott<\/a><\/span><span class=\"meta-item meta-item-date published\" title=\"2011-03-17T16:23:16\">17 M\u00e4rz<\/span><span class=\"updated hidden\" title=\"2018-11-20T22:15:48\">Nov. 20<\/span><span class=\"meta-item meta-item-comments\"><a href=\"https:\/\/thomas-ott.net\/home\/?p=281#comments\"><i class=\"fa fa-comments\"><\/i><span class=\"disqus-comment-count\" data-disqus-url=\"https:\/\/thomas-ott.net\/home\/?p=281\">1<\/span><\/a><\/span><\/p><\/div>\n                                                                            <\/div>\n                                    <div class=\"entry-title-post span6\">  \n                                        <div class=\"title-date clearfix\">\n                                            <div class=\"title-info\">                                    \n                                                <h4  class=\"title-h entry-title \"><a href=\"https:\/\/thomas-ott.net\/home\/?p=281\">Unterschiede der Altersstruktur in Europa<\/a><\/h4>\n                                            <\/div>\n                                        <\/div> \n                                        <div class=\"post\">                                        \n                                            <div class=\"wpautop-fix\"><p class=\"entry-summary \">OTT, Thomas (2001): Unterschiede der Altersstruktur in Europa. In: GANS, P. \/ KEMPER, F.-J. (Eds.): Nationalatlas Bundesrepublik Deutschland, Bd. 4:...<\/p><\/div>\n                                        <\/div>\n                                                                                <div class=\"read-more-wrap\">\n                                            <div class=\"read-more mimic-smaller uppercase\"><p class=\" more-details\"><a href=\"https:\/\/thomas-ott.net\/home\/?p=281\" rel=\"bookmark\"><strong>Read More<\/a><\/strong><\/p><\/div>\n                                        <\/div>\n                                                                            <\/div>\n                                <\/div>\n                            <\/div>\n                        <\/div>\n                    <\/div>\n                    <div class=\"divider-shortcode divider\"><\/div><div class=\"pagination-wrap\"><p class=\"pagination clearfix\"><span class=\"subtle-text-color\"><i class=\"fa fa-angle-double-left\"><\/i><\/span><span class=\"subtle-text-color\"><i class=\"fa fa-angle-left\"><\/i><\/span><a href=\"https:\/\/thomas-ott.net\/home\/index.php?rest_route=%2Fwp%2Fv2%2Fpages%2F17604\" class=\"active\"><strong>1<\/strong><\/a><a href=\"https:\/\/thomas-ott.net\/home\/index.php?rest_route=%2Fwp%2Fv2%2Fpages%2F17604&#038;paged=2\" class=\"\">2<\/a><a href=\"https:\/\/thomas-ott.net\/home\/index.php?rest_route=%2Fwp%2Fv2%2Fpages%2F17604&#038;paged=3\" class=\"\">3<\/a><a href=\"https:\/\/thomas-ott.net\/home\/index.php?rest_route=%2Fwp%2Fv2%2Fpages%2F17604&#038;paged=2\" ><i class=\"fa fa-angle-right\"><\/i><\/a><a href=\"https:\/\/thomas-ott.net\/home\/index.php?rest_route=%2Fwp%2Fv2%2Fpages%2F17604&#038;paged=3\"><i class=\"fa fa-angle-double-right\"><\/i><\/a><\/p><\/div>                <\/div>\n\n","protected":false},"excerpt":{"rendered":"","protected":false},"author":1,"featured_media":0,"parent":7,"menu_order":0,"comment_status":"closed","ping_status":"closed","template":"","meta":{"_acf_changed":false,"footnotes":""},"class_list":["post-17604","page","type-page","status-publish","hentry"],"acf":[],"yoast_head":"<!-- This site is optimized with the Yoast SEO plugin v27.1.1 - https:\/\/yoast.com\/product\/yoast-seo-wordpress\/ -->\n<title>Buchbeitr\u00e4ge | The Secret Life of Thomas Ott<\/title>\n<meta name=\"robots\" content=\"index, follow, max-snippet:-1, max-image-preview:large, max-video-preview:-1\" \/>\n<link rel=\"canonical\" href=\"https:\/\/thomas-ott.net\/home\/?page_id=17604\" \/>\n<meta property=\"og:locale\" content=\"de_DE\" \/>\n<meta property=\"og:type\" content=\"article\" \/>\n<meta property=\"og:title\" content=\"Buchbeitr\u00e4ge | The Secret Life of Thomas Ott\" \/>\n<meta property=\"og:url\" content=\"https:\/\/thomas-ott.net\/home\/?page_id=17604\" \/>\n<meta property=\"og:site_name\" content=\"The Secret Life of Thomas Ott\" \/>\n<meta property=\"article:publisher\" content=\"https:\/\/www.facebook.com\/oagis\" \/>\n<meta name=\"twitter:card\" content=\"summary_large_image\" \/>\n<meta name=\"twitter:site\" content=\"@oagis\" \/>\n<script type=\"application\/ld+json\" class=\"yoast-schema-graph\">{\"@context\":\"https:\/\/schema.org\",\"@graph\":[{\"@type\":\"WebPage\",\"@id\":\"https:\/\/thomas-ott.net\/home\/?page_id=17604\",\"url\":\"https:\/\/thomas-ott.net\/home\/?page_id=17604\",\"name\":\"Buchbeitr\u00e4ge | The Secret Life of Thomas Ott\",\"isPartOf\":{\"@id\":\"https:\/\/thomas-ott.net\/home\/#website\"},\"datePublished\":\"2017-07-23T08:02:47+00:00\",\"breadcrumb\":{\"@id\":\"https:\/\/thomas-ott.net\/home\/?page_id=17604#breadcrumb\"},\"inLanguage\":\"de\",\"potentialAction\":[{\"@type\":\"ReadAction\",\"target\":[\"https:\/\/thomas-ott.net\/home\/?page_id=17604\"]}]},{\"@type\":\"BreadcrumbList\",\"@id\":\"https:\/\/thomas-ott.net\/home\/?page_id=17604#breadcrumb\",\"itemListElement\":[{\"@type\":\"ListItem\",\"position\":1,\"name\":\"Startseite\",\"item\":\"https:\/\/thomas-ott.net\/home\/\"},{\"@type\":\"ListItem\",\"position\":2,\"name\":\"Publikationen\",\"item\":\"https:\/\/thomas-ott.net\/home\/?page_id=7\"},{\"@type\":\"ListItem\",\"position\":3,\"name\":\"Buchbeitr\u00e4ge\"}]},{\"@type\":\"WebSite\",\"@id\":\"https:\/\/thomas-ott.net\/home\/#website\",\"url\":\"https:\/\/thomas-ott.net\/home\/\",\"name\":\"The Secret Life of Thomas Ott\",\"description\":\"Website von Dr. Thomas Ott, Weinheim\",\"publisher\":{\"@id\":\"https:\/\/thomas-ott.net\/home\/#\/schema\/person\/0a142f0a3d76fa4af0513a832379747b\"},\"potentialAction\":[{\"@type\":\"SearchAction\",\"target\":{\"@type\":\"EntryPoint\",\"urlTemplate\":\"https:\/\/thomas-ott.net\/home\/?s={search_term_string}\"},\"query-input\":{\"@type\":\"PropertyValueSpecification\",\"valueRequired\":true,\"valueName\":\"search_term_string\"}}],\"inLanguage\":\"de\"},{\"@type\":[\"Person\",\"Organization\"],\"@id\":\"https:\/\/thomas-ott.net\/home\/#\/schema\/person\/0a142f0a3d76fa4af0513a832379747b\",\"name\":\"Thomas Ott\",\"image\":{\"@type\":\"ImageObject\",\"inLanguage\":\"de\",\"@id\":\"https:\/\/thomas-ott.net\/home\/#\/schema\/person\/image\/\",\"url\":\"https:\/\/secure.gravatar.com\/avatar\/984baf04fae50a93f41615cda6dee454fdc8be653bcfd6e45a10e9f54e05505b?s=96&d=mm&r=g\",\"contentUrl\":\"https:\/\/secure.gravatar.com\/avatar\/984baf04fae50a93f41615cda6dee454fdc8be653bcfd6e45a10e9f54e05505b?s=96&d=mm&r=g\",\"caption\":\"Thomas Ott\"},\"logo\":{\"@id\":\"https:\/\/thomas-ott.net\/home\/#\/schema\/person\/image\/\"},\"sameAs\":[\"https:\/\/www.facebook.com\/oagis\",\"https:\/\/www.instagram.com\/thomas_ott_66\/\",\"https:\/\/www.linkedin.com\/in\/oagis\/\",\"https:\/\/x.com\/oagis\"]}]}<\/script>\n<!-- \/ Yoast SEO plugin. -->","yoast_head_json":{"title":"Buchbeitr\u00e4ge | The Secret Life of Thomas Ott","robots":{"index":"index","follow":"follow","max-snippet":"max-snippet:-1","max-image-preview":"max-image-preview:large","max-video-preview":"max-video-preview:-1"},"canonical":"https:\/\/thomas-ott.net\/home\/?page_id=17604","og_locale":"de_DE","og_type":"article","og_title":"Buchbeitr\u00e4ge | The Secret Life of Thomas Ott","og_url":"https:\/\/thomas-ott.net\/home\/?page_id=17604","og_site_name":"The Secret Life of Thomas Ott","article_publisher":"https:\/\/www.facebook.com\/oagis","twitter_card":"summary_large_image","twitter_site":"@oagis","schema":{"@context":"https:\/\/schema.org","@graph":[{"@type":"WebPage","@id":"https:\/\/thomas-ott.net\/home\/?page_id=17604","url":"https:\/\/thomas-ott.net\/home\/?page_id=17604","name":"Buchbeitr\u00e4ge | The Secret Life of Thomas Ott","isPartOf":{"@id":"https:\/\/thomas-ott.net\/home\/#website"},"datePublished":"2017-07-23T08:02:47+00:00","breadcrumb":{"@id":"https:\/\/thomas-ott.net\/home\/?page_id=17604#breadcrumb"},"inLanguage":"de","potentialAction":[{"@type":"ReadAction","target":["https:\/\/thomas-ott.net\/home\/?page_id=17604"]}]},{"@type":"BreadcrumbList","@id":"https:\/\/thomas-ott.net\/home\/?page_id=17604#breadcrumb","itemListElement":[{"@type":"ListItem","position":1,"name":"Startseite","item":"https:\/\/thomas-ott.net\/home\/"},{"@type":"ListItem","position":2,"name":"Publikationen","item":"https:\/\/thomas-ott.net\/home\/?page_id=7"},{"@type":"ListItem","position":3,"name":"Buchbeitr\u00e4ge"}]},{"@type":"WebSite","@id":"https:\/\/thomas-ott.net\/home\/#website","url":"https:\/\/thomas-ott.net\/home\/","name":"The Secret Life of Thomas Ott","description":"Website von Dr. Thomas Ott, Weinheim","publisher":{"@id":"https:\/\/thomas-ott.net\/home\/#\/schema\/person\/0a142f0a3d76fa4af0513a832379747b"},"potentialAction":[{"@type":"SearchAction","target":{"@type":"EntryPoint","urlTemplate":"https:\/\/thomas-ott.net\/home\/?s={search_term_string}"},"query-input":{"@type":"PropertyValueSpecification","valueRequired":true,"valueName":"search_term_string"}}],"inLanguage":"de"},{"@type":["Person","Organization"],"@id":"https:\/\/thomas-ott.net\/home\/#\/schema\/person\/0a142f0a3d76fa4af0513a832379747b","name":"Thomas Ott","image":{"@type":"ImageObject","inLanguage":"de","@id":"https:\/\/thomas-ott.net\/home\/#\/schema\/person\/image\/","url":"https:\/\/secure.gravatar.com\/avatar\/984baf04fae50a93f41615cda6dee454fdc8be653bcfd6e45a10e9f54e05505b?s=96&d=mm&r=g","contentUrl":"https:\/\/secure.gravatar.com\/avatar\/984baf04fae50a93f41615cda6dee454fdc8be653bcfd6e45a10e9f54e05505b?s=96&d=mm&r=g","caption":"Thomas Ott"},"logo":{"@id":"https:\/\/thomas-ott.net\/home\/#\/schema\/person\/image\/"},"sameAs":["https:\/\/www.facebook.com\/oagis","https:\/\/www.instagram.com\/thomas_ott_66\/","https:\/\/www.linkedin.com\/in\/oagis\/","https:\/\/x.com\/oagis"]}]}},"_links":{"self":[{"href":"https:\/\/thomas-ott.net\/home\/index.php?rest_route=\/wp\/v2\/pages\/17604","targetHints":{"allow":["GET"]}}],"collection":[{"href":"https:\/\/thomas-ott.net\/home\/index.php?rest_route=\/wp\/v2\/pages"}],"about":[{"href":"https:\/\/thomas-ott.net\/home\/index.php?rest_route=\/wp\/v2\/types\/page"}],"author":[{"embeddable":true,"href":"https:\/\/thomas-ott.net\/home\/index.php?rest_route=\/wp\/v2\/users\/1"}],"replies":[{"embeddable":true,"href":"https:\/\/thomas-ott.net\/home\/index.php?rest_route=%2Fwp%2Fv2%2Fcomments&post=17604"}],"version-history":[{"count":1,"href":"https:\/\/thomas-ott.net\/home\/index.php?rest_route=\/wp\/v2\/pages\/17604\/revisions"}],"predecessor-version":[{"id":17605,"href":"https:\/\/thomas-ott.net\/home\/index.php?rest_route=\/wp\/v2\/pages\/17604\/revisions\/17605"}],"up":[{"embeddable":true,"href":"https:\/\/thomas-ott.net\/home\/index.php?rest_route=\/wp\/v2\/pages\/7"}],"wp:attachment":[{"href":"https:\/\/thomas-ott.net\/home\/index.php?rest_route=%2Fwp%2Fv2%2Fmedia&parent=17604"}],"curies":[{"name":"wp","href":"https:\/\/api.w.org\/{rel}","templated":true}]}}