{"id":17602,"date":"2017-07-23T10:02:00","date_gmt":"2017-07-23T08:02:00","guid":{"rendered":"http:\/\/thomas-ott.net\/home\/?page_id=17602"},"modified":"2017-07-23T10:02:10","modified_gmt":"2017-07-23T08:02:10","slug":"buecher","status":"publish","type":"page","link":"https:\/\/thomas-ott.net\/home\/?page_id=17602","title":{"rendered":"B\u00fccher"},"content":{"rendered":"                <div class=\"loop-wrap loop-medium-image-wrap category-245 \">\n                    <div class=\"hfeed entries blog-entries loop loop-medium-image no-sidebar\">\n                        <div id=\"post-19288\" class=\"hentry entry clearfix\">\n                            <div class=\"post-content clearfix\">\n                                <div class=\"post-category post-category-heading mimic-small uppercase has-no-media showing-media\">\n                                    <a href=\"https:\/\/thomas-ott.net\/home\/?cat=245\"><strong>B\u00fccher<\/strong><\/a>\n                                <\/div>\n                                <div class=\"ts-row\">\n                                    <div class=\"ts-meta-wrap meta-wrap\">\n                                                                                <div class=\"entry-info entry-info-post\"><p class=\"small-size clearfix \"><span class=\"meta-item meta-item-author author vcard stylized-meta\"><a href=\"https:\/\/thomas-ott.net\/home\/?author=1\" class=\"fn\">Thomas Ott<\/a><\/span><span class=\"meta-item meta-item-date published\" title=\"2019-06-18T13:34:24\">18 Juni<\/span><span class=\"updated hidden\" title=\"2019-06-18T13:35:43\">Juni 18<\/span><span class=\"meta-item meta-item-comments\"><a href=\"https:\/\/thomas-ott.net\/home\/?p=19288#comments\"><i class=\"fa fa-comments\"><\/i><span class=\"disqus-comment-count\" data-disqus-url=\"https:\/\/thomas-ott.net\/home\/?p=19288\">1<\/span><\/a><\/span><\/p><\/div>\n                                                                            <\/div>\n                                    <div class=\"entry-title-post span6\">  \n                                        <div class=\"title-date clearfix\">\n                                            <div class=\"title-info\">                                    \n                                                <h4  class=\"title-h entry-title \"><a href=\"https:\/\/thomas-ott.net\/home\/?p=19288\">Informationssysteme f\u00fcr \u00d6ko-Industrie-Cluster, Fallstudie Industriegebiet M\u00f6dling<\/a><\/h4>\n                                            <\/div>\n                                        <\/div> \n                                        <div class=\"post\">                                        \n                                            <div class=\"wpautop-fix\"><p class=\"entry-summary \">WINDSPERGER, Andreas \/ WINDSPERGER, Brigitte \/ TUSCHL, Richard \/ BOLENA, Elisabeth \/ KALTEIS, Carina \/ STREBEL, Heinz \/ VORBACH, Stefan \/ PERL, Elke \/ SUPPAN,...<\/p><\/div>\n                                        <\/div>\n                                                                                <div class=\"read-more-wrap\">\n                                            <div class=\"read-more mimic-smaller uppercase\"><p class=\" more-details\"><a href=\"https:\/\/thomas-ott.net\/home\/?p=19288\" rel=\"bookmark\"><strong>Read More<\/a><\/strong><\/p><\/div>\n                                        <\/div>\n                                                                            <\/div>\n                                <\/div>\n                            <\/div>\n                        <\/div>\n                        <div id=\"post-19119\" class=\"hentry entry clearfix\">\n                            <div class=\"post-content clearfix\">\n                                <div class=\"post-category post-category-heading mimic-small uppercase has-media showing-media\">\n                                    <a href=\"https:\/\/thomas-ott.net\/home\/?cat=245\"><strong>B\u00fccher<\/strong><\/a>\n                                <\/div>\n                                <div class=\"ts-row\">\n                                    <div class=\"ts-meta-wrap span6 media-meta-wrap\">\n                                        <div class=\"featured-media-wrap ts-fade-in  ts-featured-media-standard\"><div class=\"featured-photo  yes\"><a href=\"https:\/\/thomas-ott.net\/home\/?p=19119\" class=\"featured-photo-link\"><img decoding=\"async\" src=\"https:\/\/thomas-ott.net\/home\/wp-content\/uploads\/2019\/02\/pub_GIZBF-510x287.jpg\" alt=\"\" width=\"510\" class=\"base-large\"\/><\/a><\/div>\n<\/div>                                        <div class=\"entry-info entry-info-post\"><p class=\"small-size clearfix \"><span class=\"meta-item meta-item-author author vcard stylized-meta\"><a href=\"https:\/\/thomas-ott.net\/home\/?author=1\" class=\"fn\">Thomas Ott<\/a><\/span><span class=\"meta-item meta-item-date published\" title=\"2019-02-26T14:57:20\">26 Feb.<\/span><span class=\"updated hidden\" title=\"2019-02-26T15:45:41\">Feb. 26<\/span><span class=\"meta-item meta-item-comments\"><a href=\"https:\/\/thomas-ott.net\/home\/?p=19119#comments\"><i class=\"fa fa-comments\"><\/i><span class=\"disqus-comment-count\" data-disqus-url=\"https:\/\/thomas-ott.net\/home\/?p=19119\">0<\/span><\/a><\/span><\/p><\/div>\n                                                                            <\/div>\n                                    <div class=\"entry-title-post span6\">  \n                                        <div class=\"title-date clearfix\">\n                                            <div class=\"title-info\">                                    \n                                                <h4  class=\"title-h entry-title \"><a href=\"https:\/\/thomas-ott.net\/home\/?p=19119\">Demographische Entwicklung im l\u00e4ndlichen Raum in Burkina Faso: Stand, Konsequenzen, Ans\u00e4tze und Perspektiven<\/a><\/h4>\n                                            <\/div>\n                                        <\/div> \n                                        <div class=\"post\">                                        \n                                            <div class=\"wpautop-fix\"><p class=\"entry-summary \">OTT, Thomas \/ SCHARLOWSKI, Boris (2012):\u00a0Demographische Entwicklung im l\u00e4ndlichen Raum in Burkina Faso: Stand, Konsequenzen, Ans\u00e4tze und Perspektiven, Bonn \/...<\/p><\/div>\n                                        <\/div>\n                                                                                <div class=\"read-more-wrap\">\n                                            <div class=\"read-more mimic-smaller uppercase\"><p class=\" more-details\"><a href=\"https:\/\/thomas-ott.net\/home\/?p=19119\" rel=\"bookmark\"><strong>Read More<\/a><\/strong><\/p><\/div>\n                                        <\/div>\n                                                                            <\/div>\n                                <\/div>\n                            <\/div>\n                        <\/div>\n                        <div id=\"post-319\" class=\"hentry entry clearfix\">\n                            <div class=\"post-content clearfix\">\n                                <div class=\"post-category post-category-heading mimic-small uppercase has-no-media showing-media\">\n                                    <a href=\"https:\/\/thomas-ott.net\/home\/?cat=245\"><strong>B\u00fccher<\/strong><\/a>\n                                <\/div>\n                                <div class=\"ts-row\">\n                                    <div class=\"ts-meta-wrap meta-wrap\">\n                                                                                <div class=\"entry-info entry-info-post\"><p class=\"small-size clearfix \"><span class=\"meta-item meta-item-author author vcard stylized-meta\"><a href=\"https:\/\/thomas-ott.net\/home\/?author=1\" class=\"fn\">Thomas Ott<\/a><\/span><span class=\"meta-item meta-item-date published\" title=\"2011-03-18T15:07:08\">18 M\u00e4rz<\/span><span class=\"updated hidden\" title=\"2018-11-13T17:06:31\">Nov. 13<\/span><span class=\"meta-item meta-item-comments\"><a href=\"https:\/\/thomas-ott.net\/home\/?p=319#comments\"><i class=\"fa fa-comments\"><\/i><span class=\"disqus-comment-count\" data-disqus-url=\"https:\/\/thomas-ott.net\/home\/?p=319\">0<\/span><\/a><\/span><\/p><\/div>\n                                                                            <\/div>\n                                    <div class=\"entry-title-post span6\">  \n                                        <div class=\"title-date clearfix\">\n                                            <div class=\"title-info\">                                    \n                                                <h4  class=\"title-h entry-title \"><a href=\"https:\/\/thomas-ott.net\/home\/?p=319\">Stoffstrommanagement Rhein-Neckar<\/a><\/h4>\n                                            <\/div>\n                                        <\/div> \n                                        <div class=\"post\">                                        \n                                            <div class=\"wpautop-fix\"><p class=\"entry-summary \">LIESEGANG, Dietfried G. \/ STERR, Thomas \/ OTT, Thomas (Eds.) (2004): Stoffstrommanagement Rhein-Neckar. Betriebswirtschaftlich-\u00d6kologische Arbeiten 5,...<\/p><\/div>\n                                        <\/div>\n                                                                                <div class=\"read-more-wrap\">\n                                            <div class=\"read-more mimic-smaller uppercase\"><p class=\" more-details\"><a href=\"https:\/\/thomas-ott.net\/home\/?p=319\" rel=\"bookmark\"><strong>Read More<\/a><\/strong><\/p><\/div>\n                                        <\/div>\n                                                                            <\/div>\n                                <\/div>\n                            <\/div>\n                        <\/div>\n                        <div id=\"post-295\" class=\"hentry entry clearfix\">\n                            <div class=\"post-content clearfix\">\n                                <div class=\"post-category post-category-heading mimic-small uppercase has-media showing-media\">\n                                    <a href=\"https:\/\/thomas-ott.net\/home\/?cat=245\"><strong>B\u00fccher<\/strong><\/a>\n                                <\/div>\n                                <div class=\"ts-row\">\n                                    <div class=\"ts-meta-wrap span6 media-meta-wrap\">\n                                        <div class=\"featured-media-wrap ts-fade-in  ts-featured-media-standard\"><div class=\"featured-photo  yes\"><a href=\"https:\/\/thomas-ott.net\/home\/?p=295\" class=\"featured-photo-link\"><img decoding=\"async\" src=\"https:\/\/thomas-ott.net\/home\/wp-content\/uploads\/2011\/03\/pub_timegis-510x287.jpg\" alt=\"\" width=\"510\" class=\"base-large\"\/><\/a><\/div>\n<\/div>                                        <div class=\"entry-info entry-info-post\"><p class=\"small-size clearfix \"><span class=\"meta-item meta-item-author author vcard stylized-meta\"><a href=\"https:\/\/thomas-ott.net\/home\/?author=1\" class=\"fn\">Thomas Ott<\/a><\/span><span class=\"meta-item meta-item-date published\" title=\"2011-03-18T14:53:49\">18 M\u00e4rz<\/span><span class=\"updated hidden\" title=\"2018-11-14T14:32:58\">Nov. 14<\/span><span class=\"meta-item meta-item-comments\"><a href=\"https:\/\/thomas-ott.net\/home\/?p=295#comments\"><i class=\"fa fa-comments\"><\/i><span class=\"disqus-comment-count\" data-disqus-url=\"https:\/\/thomas-ott.net\/home\/?p=295\">1<\/span><\/a><\/span><\/p><\/div>\n                                                                            <\/div>\n                                    <div class=\"entry-title-post span6\">  \n                                        <div class=\"title-date clearfix\">\n                                            <div class=\"title-info\">                                    \n                                                <h4  class=\"title-h entry-title \"><a href=\"https:\/\/thomas-ott.net\/home\/?p=295\">Time-integrative GIS. Management and analysis of spatio-temporal data<\/a><\/h4>\n                                            <\/div>\n                                        <\/div> \n                                        <div class=\"post\">                                        \n                                            <div class=\"wpautop-fix\"><p class=\"entry-summary \">OTT, Thomas \/ SWIACZNY, Frank (2001): Time-integrative GIS. Management and analysis of spatio-temporal data, Berlin \/ Heidelberg \/ New York:...<\/p><\/div>\n                                        <\/div>\n                                                                                <div class=\"read-more-wrap\">\n                                            <div class=\"read-more mimic-smaller uppercase\"><p class=\" more-details\"><a href=\"https:\/\/thomas-ott.net\/home\/?p=295\" rel=\"bookmark\"><strong>Read More<\/a><\/strong><\/p><\/div>\n                                        <\/div>\n                                                                            <\/div>\n                                <\/div>\n                            <\/div>\n                        <\/div>\n                        <div id=\"post-255\" class=\"hentry entry clearfix\">\n                            <div class=\"post-content clearfix\">\n                                <div class=\"post-category post-category-heading mimic-small uppercase has-no-media showing-media\">\n                                    <a href=\"https:\/\/thomas-ott.net\/home\/?cat=245\"><strong>B\u00fccher<\/strong><\/a>\n                                <\/div>\n                                <div class=\"ts-row\">\n                                    <div class=\"ts-meta-wrap meta-wrap\">\n                                                                                <div class=\"entry-info entry-info-post\"><p class=\"small-size clearfix \"><span class=\"meta-item meta-item-author author vcard stylized-meta\"><a href=\"https:\/\/thomas-ott.net\/home\/?author=1\" class=\"fn\">Thomas Ott<\/a><\/span><span class=\"meta-item meta-item-date published\" title=\"2011-03-17T16:10:27\">17 M\u00e4rz<\/span><span class=\"updated hidden\" title=\"2018-11-27T14:27:27\">Nov. 27<\/span><span class=\"meta-item meta-item-comments\"><a href=\"https:\/\/thomas-ott.net\/home\/?p=255#comments\"><i class=\"fa fa-comments\"><\/i><span class=\"disqus-comment-count\" data-disqus-url=\"https:\/\/thomas-ott.net\/home\/?p=255\">0<\/span><\/a><\/span><\/p><\/div>\n                                                                            <\/div>\n                                    <div class=\"entry-title-post span6\">  \n                                        <div class=\"title-date clearfix\">\n                                            <div class=\"title-info\">                                    \n                                                <h4  class=\"title-h entry-title \"><a href=\"https:\/\/thomas-ott.net\/home\/?p=255\">Aufbau und Gestaltung regionaler Stoffstrommanagementnetzwerke<\/a><\/h4>\n                                            <\/div>\n                                        <\/div> \n                                        <div class=\"post\">                                        \n                                            <div class=\"wpautop-fix\"><p class=\"entry-summary \">LIESEGANG, Dietfried G. \/ STERR, Thomas \/ OTT, Thomas (Eds.) (2000): Aufbau und Gestaltung regionaler Stoffstrommanagementnetzwerke....<\/p><\/div>\n                                        <\/div>\n                                                                                <div class=\"read-more-wrap\">\n                                            <div class=\"read-more mimic-smaller uppercase\"><p class=\" more-details\"><a href=\"https:\/\/thomas-ott.net\/home\/?p=255\" rel=\"bookmark\"><strong>Read More<\/a><\/strong><\/p><\/div>\n                                        <\/div>\n                                                                            <\/div>\n                                <\/div>\n                            <\/div>\n                        <\/div>\n                        <div id=\"post-253\" class=\"hentry entry clearfix\">\n                            <div class=\"post-content clearfix\">\n                                <div class=\"post-category post-category-heading mimic-small uppercase has-media showing-media\">\n                                    <a href=\"https:\/\/thomas-ott.net\/home\/?cat=245\"><strong>B\u00fccher<\/strong><\/a>\n                                <\/div>\n                                <div class=\"ts-row\">\n                                    <div class=\"ts-meta-wrap span6 media-meta-wrap\">\n                                        <div class=\"featured-media-wrap ts-fade-in  ts-featured-media-standard\"><div class=\"featured-photo  yes\"><a href=\"https:\/\/thomas-ott.net\/home\/?p=253\" class=\"featured-photo-link\"><img decoding=\"async\" src=\"https:\/\/thomas-ott.net\/home\/wp-content\/uploads\/2011\/03\/pub_ifgeo-510x287.jpg\" alt=\"\" width=\"510\" class=\"base-large\"\/><\/a><\/div>\n<\/div>                                        <div class=\"entry-info entry-info-post\"><p class=\"small-size clearfix \"><span class=\"meta-item meta-item-author author vcard stylized-meta\"><a href=\"https:\/\/thomas-ott.net\/home\/?author=1\" class=\"fn\">Thomas Ott<\/a><\/span><span class=\"meta-item meta-item-date published\" title=\"2011-03-17T16:09:12\">17 M\u00e4rz<\/span><span class=\"updated hidden\" title=\"2017-07-23T10:12:54\">Juli 23<\/span><span class=\"meta-item meta-item-comments\"><a href=\"https:\/\/thomas-ott.net\/home\/?p=253#comments\"><i class=\"fa fa-comments\"><\/i><span class=\"disqus-comment-count\" data-disqus-url=\"https:\/\/thomas-ott.net\/home\/?p=253\">0<\/span><\/a><\/span><\/p><\/div>\n                                                                            <\/div>\n                                    <div class=\"entry-title-post span6\">  \n                                        <div class=\"title-date clearfix\">\n                                            <div class=\"title-info\">                                    \n                                                <h4  class=\"title-h entry-title \"><a href=\"https:\/\/thomas-ott.net\/home\/?p=253\">Internet f\u00fcr Geographen. Eine praxisorientierte Einf\u00fchrung<\/a><\/h4>\n                                            <\/div>\n                                        <\/div> \n                                        <div class=\"post\">                                        \n                                            <div class=\"wpautop-fix\"><p class=\"entry-summary \">OTT, Thomas \/ TIEDEMANN, Paul (1999): Internet f\u00fcr Geographen. Eine praxisorientierte Einf\u00fchrung, Darmstadt: Wissenschaftliche Buchgesellschaft \/...<\/p><\/div>\n                                        <\/div>\n                                                                                <div class=\"read-more-wrap\">\n                                            <div class=\"read-more mimic-smaller uppercase\"><p class=\" more-details\"><a href=\"https:\/\/thomas-ott.net\/home\/?p=253\" rel=\"bookmark\"><strong>Read More<\/a><\/strong><\/p><\/div>\n                                        <\/div>\n                                                                            <\/div>\n                                <\/div>\n                            <\/div>\n                        <\/div>\n                        <div id=\"post-204\" class=\"hentry entry clearfix\">\n                            <div class=\"post-content clearfix\">\n                                <div class=\"post-category post-category-heading mimic-small uppercase has-media showing-media\">\n                                    <a href=\"https:\/\/thomas-ott.net\/home\/?cat=21\"><strong>Biographie<\/strong><\/a>\n                                <\/div>\n                                <div class=\"ts-row\">\n                                    <div class=\"ts-meta-wrap span6 media-meta-wrap\">\n                                        <div class=\"featured-media-wrap ts-fade-in  ts-featured-media-standard\"><div class=\"featured-photo  yes\"><a href=\"https:\/\/thomas-ott.net\/home\/?p=204\" class=\"featured-photo-link\"><img decoding=\"async\" src=\"https:\/\/thomas-ott.net\/home\/wp-content\/uploads\/2018\/11\/MZG22-510x287.jpg\" alt=\"\" width=\"510\" class=\"base-large\"\/><\/a><\/div>\n<\/div>                                        <div class=\"entry-info entry-info-post\"><p class=\"small-size clearfix \"><span class=\"meta-item meta-item-author author vcard stylized-meta\"><a href=\"https:\/\/thomas-ott.net\/home\/?author=1\" class=\"fn\">Thomas Ott<\/a><\/span><span class=\"meta-item meta-item-date published\" title=\"2011-03-16T19:03:29\">16 M\u00e4rz<\/span><span class=\"updated hidden\" title=\"2018-12-11T20:12:26\">Dez. 11<\/span><span class=\"meta-item meta-item-comments\"><a href=\"https:\/\/thomas-ott.net\/home\/?p=204#comments\"><i class=\"fa fa-comments\"><\/i><span class=\"disqus-comment-count\" data-disqus-url=\"https:\/\/thomas-ott.net\/home\/?p=204\">1<\/span><\/a><\/span><\/p><\/div>\n                                                                            <\/div>\n                                    <div class=\"entry-title-post span6\">  \n                                        <div class=\"title-date clearfix\">\n                                            <div class=\"title-info\">                                    \n                                                <h4  class=\"title-h entry-title \"><a href=\"https:\/\/thomas-ott.net\/home\/?p=204\">GIS in der Anthropogeographie: Regionale Disparit\u00e4ten und St\u00e4dtesystem in Europa (Diplomarbeit)<\/a><\/h4>\n                                            <\/div>\n                                        <\/div> \n                                        <div class=\"post\">                                        \n                                            <div class=\"wpautop-fix\"><p class=\"entry-summary \">OTT, Thomas (1993): GIS in der Anthropogeographie. Regionale Disparit\u00e4ten und St\u00e4dtesystem in Europa. Materialien zur Geographie 22, Mannheim: Geographisches...<\/p><\/div>\n                                        <\/div>\n                                                                                <div class=\"read-more-wrap\">\n                                            <div class=\"read-more mimic-smaller uppercase\"><p class=\" more-details\"><a href=\"https:\/\/thomas-ott.net\/home\/?p=204\" rel=\"bookmark\"><strong>Read More<\/a><\/strong><\/p><\/div>\n                                        <\/div>\n                                                                            <\/div>\n                                <\/div>\n                            <\/div>\n                        <\/div>\n                        <div id=\"post-110\" class=\"hentry entry clearfix\">\n                            <div class=\"post-content clearfix\">\n                                <div class=\"post-category post-category-heading mimic-small uppercase has-media showing-media\">\n                                    <a href=\"https:\/\/thomas-ott.net\/home\/?cat=21\"><strong>Biographie<\/strong><\/a>\n                                <\/div>\n                                <div class=\"ts-row\">\n                                    <div class=\"ts-meta-wrap span6 media-meta-wrap\">\n                                        <div class=\"featured-media-wrap ts-fade-in  ts-featured-media-standard\"><div class=\"featured-photo  yes\"><a href=\"https:\/\/thomas-ott.net\/home\/?p=110\" class=\"featured-photo-link\"><img decoding=\"async\" src=\"https:\/\/thomas-ott.net\/home\/wp-content\/uploads\/2011\/03\/pub_egs6-1024x683-510x287.jpg\" alt=\"\" width=\"510\" class=\"base-large\"\/><\/a><\/div>\n<\/div>                                        <div class=\"entry-info entry-info-post\"><p class=\"small-size clearfix \"><span class=\"meta-item meta-item-author author vcard stylized-meta\"><a href=\"https:\/\/thomas-ott.net\/home\/?author=1\" class=\"fn\">Thomas Ott<\/a><\/span><span class=\"meta-item meta-item-date published\" title=\"2011-03-10T21:50:37\">10 M\u00e4rz<\/span><span class=\"updated hidden\" title=\"2019-05-22T14:50:07\">Mai 22<\/span><span class=\"meta-item meta-item-comments\"><a href=\"https:\/\/thomas-ott.net\/home\/?p=110#comments\"><i class=\"fa fa-comments\"><\/i><span class=\"disqus-comment-count\" data-disqus-url=\"https:\/\/thomas-ott.net\/home\/?p=110\">2<\/span><\/a><\/span><\/p><\/div>\n                                                                            <\/div>\n                                    <div class=\"entry-title-post span6\">  \n                                        <div class=\"title-date clearfix\">\n                                            <div class=\"title-info\">                                    \n                                                <h4  class=\"title-h entry-title \"><a href=\"https:\/\/thomas-ott.net\/home\/?p=110\">Erfurt im Transformationsprozess der St\u00e4dte in den neuen L\u00e4ndern (Dissertation)<\/a><\/h4>\n                                            <\/div>\n                                        <\/div> \n                                        <div class=\"post\">                                        \n                                            <div class=\"wpautop-fix\"><p class=\"entry-summary \">OTT, Thomas (1997): Erfurt im Transformationsproze\u00df der St\u00e4dte in den neuen Bundesl\u00e4ndern. Ein regulationstheoretischer Ansatz. Erfurter Geographische Studien...<\/p><\/div>\n                                        <\/div>\n                                                                                <div class=\"read-more-wrap\">\n                                            <div class=\"read-more mimic-smaller uppercase\"><p class=\" more-details\"><a href=\"https:\/\/thomas-ott.net\/home\/?p=110\" rel=\"bookmark\"><strong>Read More<\/a><\/strong><\/p><\/div>\n                                        <\/div>\n                                                                            <\/div>\n                                <\/div>\n                            <\/div>\n                        <\/div>\n                        <div id=\"post-18997\" class=\"hentry entry clearfix\">\n                            <div class=\"post-content clearfix\">\n                                <div class=\"post-category post-category-heading mimic-small uppercase has-media showing-media\">\n                                    <a href=\"https:\/\/thomas-ott.net\/home\/?cat=245\"><strong>B\u00fccher<\/strong><\/a>\n                                <\/div>\n                                <div class=\"ts-row\">\n                                    <div class=\"ts-meta-wrap span6 media-meta-wrap\">\n                                        <div class=\"featured-media-wrap ts-fade-in  ts-featured-media-standard\"><div class=\"featured-photo  yes\"><a href=\"https:\/\/thomas-ott.net\/home\/?p=18997\" class=\"featured-photo-link\"><img decoding=\"async\" src=\"https:\/\/thomas-ott.net\/home\/wp-content\/uploads\/2019\/01\/pub_mga44-510x287.jpg\" alt=\"\" width=\"510\" class=\"base-large\"\/><\/a><\/div>\n<\/div>                                        <div class=\"entry-info entry-info-post\"><p class=\"small-size clearfix \"><span class=\"meta-item meta-item-author author vcard stylized-meta\"><a href=\"https:\/\/thomas-ott.net\/home\/?author=1\" class=\"fn\">Thomas Ott<\/a><\/span><span class=\"meta-item meta-item-date published\" title=\"1996-01-04T12:13:37\">4 Jan.<\/span><span class=\"updated hidden\" title=\"2019-01-04T12:13:59\">Jan. 4<\/span><span class=\"meta-item meta-item-comments\"><a href=\"https:\/\/thomas-ott.net\/home\/?p=18997#comments\"><i class=\"fa fa-comments\"><\/i><span class=\"disqus-comment-count\" data-disqus-url=\"https:\/\/thomas-ott.net\/home\/?p=18997\">0<\/span><\/a><\/span><\/p><\/div>\n                                                                            <\/div>\n                                    <div class=\"entry-title-post span6\">  \n                                        <div class=\"title-date clearfix\">\n                                            <div class=\"title-info\">                                    \n                                                <h4  class=\"title-h entry-title \"><a href=\"https:\/\/thomas-ott.net\/home\/?p=18997\">Geographischen Methode und Landeskunde II. Gedenkschrift f\u00fcr Rainer Joha Bender<\/a><\/h4>\n                                            <\/div>\n                                        <\/div> \n                                        <div class=\"post\">                                        \n                                            <div class=\"wpautop-fix\"><p class=\"entry-summary \">LENTZ, Sebastian \/ LUKHAUP, Rainer \/ NEFF, Christophe \/ OTT, Thomas \/ SWIACZNY, Frank (Eds.) (1996): Beitr\u00e4ge zur Geographischen Methode und Landeskunde II....<\/p><\/div>\n                                        <\/div>\n                                                                                <div class=\"read-more-wrap\">\n                                            <div class=\"read-more mimic-smaller uppercase\"><p class=\" more-details\"><a href=\"https:\/\/thomas-ott.net\/home\/?p=18997\" rel=\"bookmark\"><strong>Read More<\/a><\/strong><\/p><\/div>\n                                        <\/div>\n                                                                            <\/div>\n                                <\/div>\n                            <\/div>\n                        <\/div>\n                    <\/div>\n                    <!--notsearch-->                <\/div>\n\n","protected":false},"excerpt":{"rendered":"","protected":false},"author":1,"featured_media":0,"parent":7,"menu_order":0,"comment_status":"closed","ping_status":"closed","template":"","meta":{"_acf_changed":false,"footnotes":""},"class_list":["post-17602","page","type-page","status-publish","hentry"],"acf":[],"yoast_head":"<!-- This site is optimized with the Yoast SEO plugin v27.1.1 - https:\/\/yoast.com\/product\/yoast-seo-wordpress\/ -->\n<title>B\u00fccher | The Secret Life of Thomas Ott<\/title>\n<meta name=\"robots\" content=\"index, follow, max-snippet:-1, max-image-preview:large, max-video-preview:-1\" \/>\n<link rel=\"canonical\" href=\"https:\/\/thomas-ott.net\/home\/?page_id=17602\" \/>\n<meta property=\"og:locale\" content=\"de_DE\" \/>\n<meta property=\"og:type\" content=\"article\" \/>\n<meta property=\"og:title\" content=\"B\u00fccher | The Secret Life of Thomas Ott\" \/>\n<meta property=\"og:url\" content=\"https:\/\/thomas-ott.net\/home\/?page_id=17602\" \/>\n<meta property=\"og:site_name\" content=\"The Secret Life of Thomas Ott\" \/>\n<meta property=\"article:publisher\" content=\"https:\/\/www.facebook.com\/oagis\" \/>\n<meta property=\"article:modified_time\" content=\"2017-07-23T08:02:10+00:00\" \/>\n<meta name=\"twitter:card\" content=\"summary_large_image\" \/>\n<meta name=\"twitter:site\" content=\"@oagis\" \/>\n<script type=\"application\/ld+json\" class=\"yoast-schema-graph\">{\"@context\":\"https:\/\/schema.org\",\"@graph\":[{\"@type\":\"WebPage\",\"@id\":\"https:\/\/thomas-ott.net\/home\/?page_id=17602\",\"url\":\"https:\/\/thomas-ott.net\/home\/?page_id=17602\",\"name\":\"B\u00fccher | The Secret Life of Thomas Ott\",\"isPartOf\":{\"@id\":\"https:\/\/thomas-ott.net\/home\/#website\"},\"datePublished\":\"2017-07-23T08:02:00+00:00\",\"dateModified\":\"2017-07-23T08:02:10+00:00\",\"breadcrumb\":{\"@id\":\"https:\/\/thomas-ott.net\/home\/?page_id=17602#breadcrumb\"},\"inLanguage\":\"de\",\"potentialAction\":[{\"@type\":\"ReadAction\",\"target\":[\"https:\/\/thomas-ott.net\/home\/?page_id=17602\"]}]},{\"@type\":\"BreadcrumbList\",\"@id\":\"https:\/\/thomas-ott.net\/home\/?page_id=17602#breadcrumb\",\"itemListElement\":[{\"@type\":\"ListItem\",\"position\":1,\"name\":\"Startseite\",\"item\":\"https:\/\/thomas-ott.net\/home\/\"},{\"@type\":\"ListItem\",\"position\":2,\"name\":\"Publikationen\",\"item\":\"https:\/\/thomas-ott.net\/home\/?page_id=7\"},{\"@type\":\"ListItem\",\"position\":3,\"name\":\"B\u00fccher\"}]},{\"@type\":\"WebSite\",\"@id\":\"https:\/\/thomas-ott.net\/home\/#website\",\"url\":\"https:\/\/thomas-ott.net\/home\/\",\"name\":\"The Secret Life of Thomas Ott\",\"description\":\"Website von Dr. Thomas Ott, Weinheim\",\"publisher\":{\"@id\":\"https:\/\/thomas-ott.net\/home\/#\/schema\/person\/0a142f0a3d76fa4af0513a832379747b\"},\"potentialAction\":[{\"@type\":\"SearchAction\",\"target\":{\"@type\":\"EntryPoint\",\"urlTemplate\":\"https:\/\/thomas-ott.net\/home\/?s={search_term_string}\"},\"query-input\":{\"@type\":\"PropertyValueSpecification\",\"valueRequired\":true,\"valueName\":\"search_term_string\"}}],\"inLanguage\":\"de\"},{\"@type\":[\"Person\",\"Organization\"],\"@id\":\"https:\/\/thomas-ott.net\/home\/#\/schema\/person\/0a142f0a3d76fa4af0513a832379747b\",\"name\":\"Thomas Ott\",\"image\":{\"@type\":\"ImageObject\",\"inLanguage\":\"de\",\"@id\":\"https:\/\/thomas-ott.net\/home\/#\/schema\/person\/image\/\",\"url\":\"https:\/\/secure.gravatar.com\/avatar\/984baf04fae50a93f41615cda6dee454fdc8be653bcfd6e45a10e9f54e05505b?s=96&d=mm&r=g\",\"contentUrl\":\"https:\/\/secure.gravatar.com\/avatar\/984baf04fae50a93f41615cda6dee454fdc8be653bcfd6e45a10e9f54e05505b?s=96&d=mm&r=g\",\"caption\":\"Thomas Ott\"},\"logo\":{\"@id\":\"https:\/\/thomas-ott.net\/home\/#\/schema\/person\/image\/\"},\"sameAs\":[\"https:\/\/www.facebook.com\/oagis\",\"https:\/\/www.instagram.com\/thomas_ott_66\/\",\"https:\/\/www.linkedin.com\/in\/oagis\/\",\"https:\/\/x.com\/oagis\"]}]}<\/script>\n<!-- \/ Yoast SEO plugin. -->","yoast_head_json":{"title":"B\u00fccher | The Secret Life of Thomas Ott","robots":{"index":"index","follow":"follow","max-snippet":"max-snippet:-1","max-image-preview":"max-image-preview:large","max-video-preview":"max-video-preview:-1"},"canonical":"https:\/\/thomas-ott.net\/home\/?page_id=17602","og_locale":"de_DE","og_type":"article","og_title":"B\u00fccher | The Secret Life of Thomas Ott","og_url":"https:\/\/thomas-ott.net\/home\/?page_id=17602","og_site_name":"The Secret Life of Thomas Ott","article_publisher":"https:\/\/www.facebook.com\/oagis","article_modified_time":"2017-07-23T08:02:10+00:00","twitter_card":"summary_large_image","twitter_site":"@oagis","schema":{"@context":"https:\/\/schema.org","@graph":[{"@type":"WebPage","@id":"https:\/\/thomas-ott.net\/home\/?page_id=17602","url":"https:\/\/thomas-ott.net\/home\/?page_id=17602","name":"B\u00fccher | The Secret Life of Thomas Ott","isPartOf":{"@id":"https:\/\/thomas-ott.net\/home\/#website"},"datePublished":"2017-07-23T08:02:00+00:00","dateModified":"2017-07-23T08:02:10+00:00","breadcrumb":{"@id":"https:\/\/thomas-ott.net\/home\/?page_id=17602#breadcrumb"},"inLanguage":"de","potentialAction":[{"@type":"ReadAction","target":["https:\/\/thomas-ott.net\/home\/?page_id=17602"]}]},{"@type":"BreadcrumbList","@id":"https:\/\/thomas-ott.net\/home\/?page_id=17602#breadcrumb","itemListElement":[{"@type":"ListItem","position":1,"name":"Startseite","item":"https:\/\/thomas-ott.net\/home\/"},{"@type":"ListItem","position":2,"name":"Publikationen","item":"https:\/\/thomas-ott.net\/home\/?page_id=7"},{"@type":"ListItem","position":3,"name":"B\u00fccher"}]},{"@type":"WebSite","@id":"https:\/\/thomas-ott.net\/home\/#website","url":"https:\/\/thomas-ott.net\/home\/","name":"The Secret Life of Thomas Ott","description":"Website von Dr. Thomas Ott, Weinheim","publisher":{"@id":"https:\/\/thomas-ott.net\/home\/#\/schema\/person\/0a142f0a3d76fa4af0513a832379747b"},"potentialAction":[{"@type":"SearchAction","target":{"@type":"EntryPoint","urlTemplate":"https:\/\/thomas-ott.net\/home\/?s={search_term_string}"},"query-input":{"@type":"PropertyValueSpecification","valueRequired":true,"valueName":"search_term_string"}}],"inLanguage":"de"},{"@type":["Person","Organization"],"@id":"https:\/\/thomas-ott.net\/home\/#\/schema\/person\/0a142f0a3d76fa4af0513a832379747b","name":"Thomas Ott","image":{"@type":"ImageObject","inLanguage":"de","@id":"https:\/\/thomas-ott.net\/home\/#\/schema\/person\/image\/","url":"https:\/\/secure.gravatar.com\/avatar\/984baf04fae50a93f41615cda6dee454fdc8be653bcfd6e45a10e9f54e05505b?s=96&d=mm&r=g","contentUrl":"https:\/\/secure.gravatar.com\/avatar\/984baf04fae50a93f41615cda6dee454fdc8be653bcfd6e45a10e9f54e05505b?s=96&d=mm&r=g","caption":"Thomas Ott"},"logo":{"@id":"https:\/\/thomas-ott.net\/home\/#\/schema\/person\/image\/"},"sameAs":["https:\/\/www.facebook.com\/oagis","https:\/\/www.instagram.com\/thomas_ott_66\/","https:\/\/www.linkedin.com\/in\/oagis\/","https:\/\/x.com\/oagis"]}]}},"_links":{"self":[{"href":"https:\/\/thomas-ott.net\/home\/index.php?rest_route=\/wp\/v2\/pages\/17602","targetHints":{"allow":["GET"]}}],"collection":[{"href":"https:\/\/thomas-ott.net\/home\/index.php?rest_route=\/wp\/v2\/pages"}],"about":[{"href":"https:\/\/thomas-ott.net\/home\/index.php?rest_route=\/wp\/v2\/types\/page"}],"author":[{"embeddable":true,"href":"https:\/\/thomas-ott.net\/home\/index.php?rest_route=\/wp\/v2\/users\/1"}],"replies":[{"embeddable":true,"href":"https:\/\/thomas-ott.net\/home\/index.php?rest_route=%2Fwp%2Fv2%2Fcomments&post=17602"}],"version-history":[{"count":1,"href":"https:\/\/thomas-ott.net\/home\/index.php?rest_route=\/wp\/v2\/pages\/17602\/revisions"}],"predecessor-version":[{"id":17603,"href":"https:\/\/thomas-ott.net\/home\/index.php?rest_route=\/wp\/v2\/pages\/17602\/revisions\/17603"}],"up":[{"embeddable":true,"href":"https:\/\/thomas-ott.net\/home\/index.php?rest_route=\/wp\/v2\/pages\/7"}],"wp:attachment":[{"href":"https:\/\/thomas-ott.net\/home\/index.php?rest_route=%2Fwp%2Fv2%2Fmedia&parent=17602"}],"curies":[{"name":"wp","href":"https:\/\/api.w.org\/{rel}","templated":true}]}}