{"id":17553,"date":"2017-07-20T15:17:04","date_gmt":"2017-07-20T13:17:04","guid":{"rendered":"http:\/\/thomas-ott.net\/home\/?page_id=17553"},"modified":"2017-07-24T09:16:17","modified_gmt":"2017-07-24T07:16:17","slug":"kartographische-projekte","status":"publish","type":"page","link":"https:\/\/thomas-ott.net\/home\/?page_id=17553","title":{"rendered":"Kartographie"},"content":{"rendered":"                <div class=\"loop-wrap loop-medium-image-wrap category-242 \">\n                    <div class=\"hfeed entries blog-entries loop loop-medium-image no-sidebar\">\n                        <div id=\"post-19714\" class=\"hentry entry clearfix\">\n                            <div class=\"post-content clearfix\">\n                                <div class=\"post-category post-category-heading mimic-small uppercase has-media showing-media\">\n                                    <a href=\"https:\/\/thomas-ott.net\/home\/?cat=242\"><strong>Kartographie<\/strong><\/a>\n                                <\/div>\n                                <div class=\"ts-row\">\n                                    <div class=\"ts-meta-wrap span6 media-meta-wrap\">\n                                        <div class=\"featured-media-wrap ts-fade-in  ts-featured-media-standard\"><div class=\"featured-photo  yes\"><a href=\"https:\/\/thomas-ott.net\/home\/?p=19714\" class=\"featured-photo-link\"><img decoding=\"async\" src=\"https:\/\/thomas-ott.net\/home\/wp-content\/uploads\/2018\/11\/pub_Natlas_04_92-510x287.jpg\" alt=\"\" width=\"510\" class=\"base-large\"\/><\/a><\/div>\n<\/div>                                        <div class=\"entry-info entry-info-post\"><p class=\"small-size clearfix \"><span class=\"meta-item meta-item-author author vcard stylized-meta\"><a href=\"https:\/\/thomas-ott.net\/home\/?author=1\" class=\"fn\">Thomas Ott<\/a><\/span><span class=\"meta-item meta-item-date published\" title=\"2020-01-03T11:54:14\">3 Jan.<\/span><span class=\"updated hidden\" title=\"2020-01-03T12:18:24\">Jan. 3<\/span><span class=\"meta-item meta-item-comments\"><a href=\"https:\/\/thomas-ott.net\/home\/?p=19714#comments\"><i class=\"fa fa-comments\"><\/i><span class=\"disqus-comment-count\" data-disqus-url=\"https:\/\/thomas-ott.net\/home\/?p=19714\">0<\/span><\/a><\/span><\/p><\/div>\n                                                                            <\/div>\n                                    <div class=\"entry-title-post span6\">  \n                                        <div class=\"title-date clearfix\">\n                                            <div class=\"title-info\">                                    \n                                                <h4  class=\"title-h entry-title \"><a href=\"https:\/\/thomas-ott.net\/home\/?p=19714\">Nationalatlas Bundesrepublik Deutschland<\/a><\/h4>\n                                            <\/div>\n                                        <\/div> \n                                        <div class=\"post\">                                        \n                                            <div class=\"wpautop-fix\"><p class=\"entry-summary \">Kurzbeschreibung\nZwischen 1999 und 2007 haben mehr als 600 Geographen, Wissenschaftler anderer Disziplinen und Kartographen unter der Regie des...<\/p><\/div>\n                                        <\/div>\n                                                                                <div class=\"read-more-wrap\">\n                                            <div class=\"read-more mimic-smaller uppercase\"><p class=\" more-details\"><a href=\"https:\/\/thomas-ott.net\/home\/?p=19714\" rel=\"bookmark\"><strong>Read More<\/a><\/strong><\/p><\/div>\n                                        <\/div>\n                                                                            <\/div>\n                                <\/div>\n                            <\/div>\n                        <\/div>\n                        <div id=\"post-17731\" class=\"hentry entry clearfix\">\n                            <div class=\"post-content clearfix\">\n                                <div class=\"post-category post-category-heading mimic-small uppercase has-media showing-media\">\n                                    <a href=\"https:\/\/thomas-ott.net\/home\/?cat=242\"><strong>Kartographie<\/strong><\/a>\n                                <\/div>\n                                <div class=\"ts-row\">\n                                    <div class=\"ts-meta-wrap span6 media-meta-wrap\">\n                                        <div class=\"featured-media-wrap ts-fade-in  ts-featured-media-standard\"><div class=\"featured-photo  yes\"><a href=\"https:\/\/thomas-ott.net\/home\/?p=17731\" class=\"featured-photo-link\"><img decoding=\"async\" src=\"https:\/\/thomas-ott.net\/home\/wp-content\/uploads\/2018\/05\/prj_WEBU-510x287.jpg\" alt=\"\" width=\"510\" class=\"base-large\"\/><\/a><\/div>\n<\/div>                                        <div class=\"entry-info entry-info-post\"><p class=\"small-size clearfix \"><span class=\"meta-item meta-item-author author vcard stylized-meta\"><a href=\"https:\/\/thomas-ott.net\/home\/?author=1\" class=\"fn\">Thomas Ott<\/a><\/span><span class=\"meta-item meta-item-date published\" title=\"2018-05-15T12:44:34\">15 Mai<\/span><span class=\"updated hidden\" title=\"2019-05-22T13:21:40\">Mai 22<\/span><span class=\"meta-item meta-item-comments\"><a href=\"https:\/\/thomas-ott.net\/home\/?p=17731#comments\"><i class=\"fa fa-comments\"><\/i><span class=\"disqus-comment-count\" data-disqus-url=\"https:\/\/thomas-ott.net\/home\/?p=17731\">0<\/span><\/a><\/span><\/p><\/div>\n                                                                            <\/div>\n                                    <div class=\"entry-title-post span6\">  \n                                        <div class=\"title-date clearfix\">\n                                            <div class=\"title-info\">                                    \n                                                <h4  class=\"title-h entry-title \"><a href=\"https:\/\/thomas-ott.net\/home\/?p=17731\">Liniennetzplan Stadtwerke Weinheim<\/a><\/h4>\n                                            <\/div>\n                                        <\/div> \n                                        <div class=\"post\">                                        \n                                            <div class=\"wpautop-fix\"><p class=\"entry-summary \">Kurzbeschreibung\nF\u00fcr die Kunden der Weinheimer Busverkehrsgesellschaft WEBU stand bis dato kein Liniennetzplan zur Verf\u00fcgung. Basierend auf einem Konzept der...<\/p><\/div>\n                                        <\/div>\n                                                                                <div class=\"read-more-wrap\">\n                                            <div class=\"read-more mimic-smaller uppercase\"><p class=\" more-details\"><a href=\"https:\/\/thomas-ott.net\/home\/?p=17731\" rel=\"bookmark\"><strong>Read More<\/a><\/strong><\/p><\/div>\n                                        <\/div>\n                                                                            <\/div>\n                                <\/div>\n                            <\/div>\n                        <\/div>\n                        <div id=\"post-17726\" class=\"hentry entry clearfix\">\n                            <div class=\"post-content clearfix\">\n                                <div class=\"post-category post-category-heading mimic-small uppercase has-media showing-media\">\n                                    <a href=\"https:\/\/thomas-ott.net\/home\/?cat=241\"><strong>IT und GIS<\/strong><\/a>\n                                <\/div>\n                                <div class=\"ts-row\">\n                                    <div class=\"ts-meta-wrap span6 media-meta-wrap\">\n                                        <div class=\"featured-media-wrap ts-fade-in  ts-featured-media-standard\"><div class=\"featured-photo  yes\"><a href=\"https:\/\/thomas-ott.net\/home\/?p=17726\" class=\"featured-photo-link\"><img decoding=\"async\" src=\"https:\/\/thomas-ott.net\/home\/wp-content\/uploads\/2018\/05\/prj_KlosterLorsch-510x287.jpg\" alt=\"\" width=\"510\" class=\"base-large\"\/><\/a><\/div>\n<\/div>                                        <div class=\"entry-info entry-info-post\"><p class=\"small-size clearfix \"><span class=\"meta-item meta-item-author author vcard stylized-meta\"><a href=\"https:\/\/thomas-ott.net\/home\/?author=1\" class=\"fn\">Thomas Ott<\/a><\/span><span class=\"meta-item meta-item-date published\" title=\"2018-05-15T12:09:49\">15 Mai<\/span><span class=\"updated hidden\" title=\"2019-05-22T13:21:40\">Mai 22<\/span><span class=\"meta-item meta-item-comments\"><a href=\"https:\/\/thomas-ott.net\/home\/?p=17726#comments\"><i class=\"fa fa-comments\"><\/i><span class=\"disqus-comment-count\" data-disqus-url=\"https:\/\/thomas-ott.net\/home\/?p=17726\">0<\/span><\/a><\/span><\/p><\/div>\n                                                                            <\/div>\n                                    <div class=\"entry-title-post span6\">  \n                                        <div class=\"title-date clearfix\">\n                                            <div class=\"title-info\">                                    \n                                                <h4  class=\"title-h entry-title \"><a href=\"https:\/\/thomas-ott.net\/home\/?p=17726\">Geokodierung Codex Laureshamensis<\/a><\/h4>\n                                            <\/div>\n                                        <\/div> \n                                        <div class=\"post\">                                        \n                                            <div class=\"wpautop-fix\"><p class=\"entry-summary \">\nKurzbeschreibung\nGeocodierung und kartographische Darstellung von im Lorscher Codex genannten W\u00fcstungen und Siedlungen aus dem Hochmittelalter. Von den in den...<\/p><\/div>\n                                        <\/div>\n                                                                                <div class=\"read-more-wrap\">\n                                            <div class=\"read-more mimic-smaller uppercase\"><p class=\" more-details\"><a href=\"https:\/\/thomas-ott.net\/home\/?p=17726\" rel=\"bookmark\"><strong>Read More<\/a><\/strong><\/p><\/div>\n                                        <\/div>\n                                                                            <\/div>\n                                <\/div>\n                            <\/div>\n                        <\/div>\n                        <div id=\"post-17709\" class=\"hentry entry clearfix\">\n                            <div class=\"post-content clearfix\">\n                                <div class=\"post-category post-category-heading mimic-small uppercase has-media showing-media\">\n                                    <a href=\"https:\/\/thomas-ott.net\/home\/?cat=242\"><strong>Kartographie<\/strong><\/a>\n                                <\/div>\n                                <div class=\"ts-row\">\n                                    <div class=\"ts-meta-wrap span6 media-meta-wrap\">\n                                        <div class=\"featured-media-wrap ts-fade-in  ts-featured-media-standard\"><div class=\"featured-photo  yes\"><a href=\"https:\/\/thomas-ott.net\/home\/?p=17709\" class=\"featured-photo-link\"><img decoding=\"async\" src=\"https:\/\/thomas-ott.net\/home\/wp-content\/uploads\/2018\/05\/PF_Kachel_Kulturradtour-600x3211-510x287.jpg\" alt=\"\" width=\"510\" class=\"base-large\"\/><\/a><\/div>\n<\/div>                                        <div class=\"entry-info entry-info-post\"><p class=\"small-size clearfix \"><span class=\"meta-item meta-item-author author vcard stylized-meta\"><a href=\"https:\/\/thomas-ott.net\/home\/?author=1\" class=\"fn\">Thomas Ott<\/a><\/span><span class=\"meta-item meta-item-date published\" title=\"2018-05-15T10:35:03\">15 Mai<\/span><span class=\"updated hidden\" title=\"2019-05-22T13:21:41\">Mai 22<\/span><span class=\"meta-item meta-item-comments\"><a href=\"https:\/\/thomas-ott.net\/home\/?p=17709#comments\"><i class=\"fa fa-comments\"><\/i><span class=\"disqus-comment-count\" data-disqus-url=\"https:\/\/thomas-ott.net\/home\/?p=17709\">0<\/span><\/a><\/span><\/p><\/div>\n                                                                            <\/div>\n                                    <div class=\"entry-title-post span6\">  \n                                        <div class=\"title-date clearfix\">\n                                            <div class=\"title-info\">                                    \n                                                <h4  class=\"title-h entry-title \"><a href=\"https:\/\/thomas-ott.net\/home\/?p=17709\">Kultur-Radtouren Rhein-Neckar<\/a><\/h4>\n                                            <\/div>\n                                        <\/div> \n                                        <div class=\"post\">                                        \n                                            <div class=\"wpautop-fix\"><p class=\"entry-summary \">Kurzbeschreibung\nKartenserie mit 13 Radtouren durch die Rhein-Neckar-Region im Auftrag der m:con Mannheimer Kongress und Touristik GmbH.\n<\/p><\/div>\n                                        <\/div>\n                                                                                <div class=\"read-more-wrap\">\n                                            <div class=\"read-more mimic-smaller uppercase\"><p class=\" more-details\"><a href=\"https:\/\/thomas-ott.net\/home\/?p=17709\" rel=\"bookmark\"><strong>Read More<\/a><\/strong><\/p><\/div>\n                                        <\/div>\n                                                                            <\/div>\n                                <\/div>\n                            <\/div>\n                        <\/div>\n                        <div id=\"post-199\" class=\"hentry entry clearfix\">\n                            <div class=\"post-content clearfix\">\n                                <div class=\"post-category post-category-heading mimic-small uppercase has-no-media showing-media\">\n                                    <a href=\"https:\/\/thomas-ott.net\/home\/?cat=242\"><strong>Kartographie<\/strong><\/a>\n                                <\/div>\n                                <div class=\"ts-row\">\n                                    <div class=\"ts-meta-wrap meta-wrap\">\n                                                                                <div class=\"entry-info entry-info-post\"><p class=\"small-size clearfix \"><span class=\"meta-item meta-item-author author vcard stylized-meta\"><a href=\"https:\/\/thomas-ott.net\/home\/?author=1\" class=\"fn\">Thomas Ott<\/a><\/span><span class=\"meta-item meta-item-date published\" title=\"2011-03-16T18:52:30\">16 M\u00e4rz<\/span><span class=\"updated hidden\" title=\"2019-05-22T13:21:41\">Mai 22<\/span><span class=\"meta-item meta-item-comments\"><a href=\"https:\/\/thomas-ott.net\/home\/?p=199#comments\"><i class=\"fa fa-comments\"><\/i><span class=\"disqus-comment-count\" data-disqus-url=\"https:\/\/thomas-ott.net\/home\/?p=199\">0<\/span><\/a><\/span><\/p><\/div>\n                                                                            <\/div>\n                                    <div class=\"entry-title-post span6\">  \n                                        <div class=\"title-date clearfix\">\n                                            <div class=\"title-info\">                                    \n                                                <h4  class=\"title-h entry-title \"><a href=\"https:\/\/thomas-ott.net\/home\/?p=199\">Karte des Bundestagswahlkreises Heidelberg-Weinheim<\/a><\/h4>\n                                            <\/div>\n                                        <\/div> \n                                        <div class=\"post\">                                        \n                                            <div class=\"wpautop-fix\"><p class=\"entry-summary \">Wahlkreiskarte f\u00fcr die Website von Karl A. Lamers MdB.\n<\/p><\/div>\n                                        <\/div>\n                                                                                <div class=\"read-more-wrap\">\n                                            <div class=\"read-more mimic-smaller uppercase\"><p class=\" more-details\"><a href=\"https:\/\/thomas-ott.net\/home\/?p=199\" rel=\"bookmark\"><strong>Read More<\/a><\/strong><\/p><\/div>\n                                        <\/div>\n                                                                            <\/div>\n                                <\/div>\n                            <\/div>\n                        <\/div>\n                        <div id=\"post-19704\" class=\"hentry entry clearfix\">\n                            <div class=\"post-content clearfix\">\n                                <div class=\"post-category post-category-heading mimic-small uppercase has-media showing-media\">\n                                    <a href=\"https:\/\/thomas-ott.net\/home\/?cat=242\"><strong>Kartographie<\/strong><\/a>\n                                <\/div>\n                                <div class=\"ts-row\">\n                                    <div class=\"ts-meta-wrap span6 media-meta-wrap\">\n                                        <div class=\"featured-media-wrap ts-fade-in  ts-featured-media-standard\"><div class=\"featured-photo  yes\"><a href=\"https:\/\/thomas-ott.net\/home\/?p=19704\" class=\"featured-photo-link\"><img decoding=\"async\" src=\"https:\/\/thomas-ott.net\/home\/wp-content\/uploads\/2020\/01\/prj_RadAgenda21-510x287.png\" alt=\"\" width=\"510\" class=\"base-large\"\/><\/a><\/div>\n<\/div>                                        <div class=\"entry-info entry-info-post\"><p class=\"small-size clearfix \"><span class=\"meta-item meta-item-author author vcard stylized-meta\"><a href=\"https:\/\/thomas-ott.net\/home\/?author=1\" class=\"fn\">Thomas Ott<\/a><\/span><span class=\"meta-item meta-item-date published\" title=\"2003-01-02T21:06:08\">2 Jan.<\/span><span class=\"updated hidden\" title=\"2020-01-02T21:06:18\">Jan. 2<\/span><span class=\"meta-item meta-item-comments\"><a href=\"https:\/\/thomas-ott.net\/home\/?p=19704#comments\"><i class=\"fa fa-comments\"><\/i><span class=\"disqus-comment-count\" data-disqus-url=\"https:\/\/thomas-ott.net\/home\/?p=19704\">0<\/span><\/a><\/span><\/p><\/div>\n                                                                            <\/div>\n                                    <div class=\"entry-title-post span6\">  \n                                        <div class=\"title-date clearfix\">\n                                            <div class=\"title-info\">                                    \n                                                <h4  class=\"title-h entry-title \"><a href=\"https:\/\/thomas-ott.net\/home\/?p=19704\">Sanfter Tourismus in Weinheim<\/a><\/h4>\n                                            <\/div>\n                                        <\/div> \n                                        <div class=\"post\">                                        \n                                            <div class=\"wpautop-fix\"><p class=\"entry-summary \">Kurzbeschreibung\nRad- und Wanderwegekarten f\u00fcr drei von der Lokalen Agenda 21 konzipierten Brosch\u00fcren zum Sanften Tourismus in Weinheim an der Bergstra\u00dfe.\n<\/p><\/div>\n                                        <\/div>\n                                                                                <div class=\"read-more-wrap\">\n                                            <div class=\"read-more mimic-smaller uppercase\"><p class=\" more-details\"><a href=\"https:\/\/thomas-ott.net\/home\/?p=19704\" rel=\"bookmark\"><strong>Read More<\/a><\/strong><\/p><\/div>\n                                        <\/div>\n                                                                            <\/div>\n                                <\/div>\n                            <\/div>\n                        <\/div>\n                        <div id=\"post-19700\" class=\"hentry entry clearfix\">\n                            <div class=\"post-content clearfix\">\n                                <div class=\"post-category post-category-heading mimic-small uppercase has-media showing-media\">\n                                    <a href=\"https:\/\/thomas-ott.net\/home\/?cat=242\"><strong>Kartographie<\/strong><\/a>\n                                <\/div>\n                                <div class=\"ts-row\">\n                                    <div class=\"ts-meta-wrap span6 media-meta-wrap\">\n                                        <div class=\"featured-media-wrap ts-fade-in  ts-featured-media-standard\"><div class=\"featured-photo  yes\"><a href=\"https:\/\/thomas-ott.net\/home\/?p=19700\" class=\"featured-photo-link\"><img decoding=\"async\" src=\"https:\/\/thomas-ott.net\/home\/wp-content\/uploads\/2020\/01\/prj_RadKusel-510x287.png\" alt=\"\" width=\"510\" class=\"base-large\"\/><\/a><\/div>\n<\/div>                                        <div class=\"entry-info entry-info-post\"><p class=\"small-size clearfix \"><span class=\"meta-item meta-item-author author vcard stylized-meta\"><a href=\"https:\/\/thomas-ott.net\/home\/?author=1\" class=\"fn\">Thomas Ott<\/a><\/span><span class=\"meta-item meta-item-date published\" title=\"1989-01-02T13:03:40\">2 Jan.<\/span><span class=\"updated hidden\" title=\"2020-01-02T20:57:22\">Jan. 2<\/span><span class=\"meta-item meta-item-comments\"><a href=\"https:\/\/thomas-ott.net\/home\/?p=19700#comments\"><i class=\"fa fa-comments\"><\/i><span class=\"disqus-comment-count\" data-disqus-url=\"https:\/\/thomas-ott.net\/home\/?p=19700\">0<\/span><\/a><\/span><\/p><\/div>\n                                                                            <\/div>\n                                    <div class=\"entry-title-post span6\">  \n                                        <div class=\"title-date clearfix\">\n                                            <div class=\"title-info\">                                    \n                                                <h4  class=\"title-h entry-title \"><a href=\"https:\/\/thomas-ott.net\/home\/?p=19700\">Radwanderf\u00fchrer Kuseler Musikantenland<\/a><\/h4>\n                                            <\/div>\n                                        <\/div> \n                                        <div class=\"post\">                                        \n                                            <div class=\"wpautop-fix\"><p class=\"entry-summary \">Kurzbeschreibung\nStreckenkarten und H\u00f6henprofile f\u00fcr einen dreib\u00e4ndigen Radtourenf\u00fchrer durch das Pf\u00e4lzer Bergland rund um Kusel.\n<\/p><\/div>\n                                        <\/div>\n                                                                                <div class=\"read-more-wrap\">\n                                            <div class=\"read-more mimic-smaller uppercase\"><p class=\" more-details\"><a href=\"https:\/\/thomas-ott.net\/home\/?p=19700\" rel=\"bookmark\"><strong>Read More<\/a><\/strong><\/p><\/div>\n                                        <\/div>\n                                                                            <\/div>\n                                <\/div>\n                            <\/div>\n                        <\/div>\n                    <\/div>\n                    <!--notsearch-->                <\/div>\n\n","protected":false},"excerpt":{"rendered":"","protected":false},"author":1,"featured_media":0,"parent":6,"menu_order":0,"comment_status":"closed","ping_status":"closed","template":"","meta":{"_acf_changed":false,"footnotes":""},"class_list":["post-17553","page","type-page","status-publish","hentry"],"acf":[],"yoast_head":"<!-- This site is optimized with the Yoast SEO plugin v27.1.1 - https:\/\/yoast.com\/product\/yoast-seo-wordpress\/ -->\n<title>Kartographie | The Secret Life of Thomas Ott<\/title>\n<meta name=\"robots\" content=\"index, follow, max-snippet:-1, max-image-preview:large, max-video-preview:-1\" \/>\n<link rel=\"canonical\" href=\"https:\/\/thomas-ott.net\/home\/?page_id=17553\" \/>\n<meta property=\"og:locale\" content=\"de_DE\" \/>\n<meta property=\"og:type\" content=\"article\" \/>\n<meta property=\"og:title\" content=\"Kartographie | The Secret Life of Thomas Ott\" \/>\n<meta property=\"og:url\" content=\"https:\/\/thomas-ott.net\/home\/?page_id=17553\" \/>\n<meta property=\"og:site_name\" content=\"The Secret Life of Thomas Ott\" \/>\n<meta property=\"article:publisher\" content=\"https:\/\/www.facebook.com\/oagis\" \/>\n<meta property=\"article:modified_time\" content=\"2017-07-24T07:16:17+00:00\" \/>\n<meta name=\"twitter:card\" content=\"summary_large_image\" \/>\n<meta name=\"twitter:site\" content=\"@oagis\" \/>\n<script type=\"application\/ld+json\" class=\"yoast-schema-graph\">{\"@context\":\"https:\/\/schema.org\",\"@graph\":[{\"@type\":\"WebPage\",\"@id\":\"https:\/\/thomas-ott.net\/home\/?page_id=17553\",\"url\":\"https:\/\/thomas-ott.net\/home\/?page_id=17553\",\"name\":\"Kartographie | The Secret Life of Thomas Ott\",\"isPartOf\":{\"@id\":\"https:\/\/thomas-ott.net\/home\/#website\"},\"datePublished\":\"2017-07-20T13:17:04+00:00\",\"dateModified\":\"2017-07-24T07:16:17+00:00\",\"breadcrumb\":{\"@id\":\"https:\/\/thomas-ott.net\/home\/?page_id=17553#breadcrumb\"},\"inLanguage\":\"de\",\"potentialAction\":[{\"@type\":\"ReadAction\",\"target\":[\"https:\/\/thomas-ott.net\/home\/?page_id=17553\"]}]},{\"@type\":\"BreadcrumbList\",\"@id\":\"https:\/\/thomas-ott.net\/home\/?page_id=17553#breadcrumb\",\"itemListElement\":[{\"@type\":\"ListItem\",\"position\":1,\"name\":\"Startseite\",\"item\":\"https:\/\/thomas-ott.net\/home\/\"},{\"@type\":\"ListItem\",\"position\":2,\"name\":\"Projekte\",\"item\":\"https:\/\/thomas-ott.net\/home\/?page_id=6\"},{\"@type\":\"ListItem\",\"position\":3,\"name\":\"Kartographie\"}]},{\"@type\":\"WebSite\",\"@id\":\"https:\/\/thomas-ott.net\/home\/#website\",\"url\":\"https:\/\/thomas-ott.net\/home\/\",\"name\":\"The Secret Life of Thomas Ott\",\"description\":\"Website von Dr. Thomas Ott, Weinheim\",\"publisher\":{\"@id\":\"https:\/\/thomas-ott.net\/home\/#\/schema\/person\/0a142f0a3d76fa4af0513a832379747b\"},\"potentialAction\":[{\"@type\":\"SearchAction\",\"target\":{\"@type\":\"EntryPoint\",\"urlTemplate\":\"https:\/\/thomas-ott.net\/home\/?s={search_term_string}\"},\"query-input\":{\"@type\":\"PropertyValueSpecification\",\"valueRequired\":true,\"valueName\":\"search_term_string\"}}],\"inLanguage\":\"de\"},{\"@type\":[\"Person\",\"Organization\"],\"@id\":\"https:\/\/thomas-ott.net\/home\/#\/schema\/person\/0a142f0a3d76fa4af0513a832379747b\",\"name\":\"Thomas Ott\",\"image\":{\"@type\":\"ImageObject\",\"inLanguage\":\"de\",\"@id\":\"https:\/\/thomas-ott.net\/home\/#\/schema\/person\/image\/\",\"url\":\"https:\/\/secure.gravatar.com\/avatar\/984baf04fae50a93f41615cda6dee454fdc8be653bcfd6e45a10e9f54e05505b?s=96&d=mm&r=g\",\"contentUrl\":\"https:\/\/secure.gravatar.com\/avatar\/984baf04fae50a93f41615cda6dee454fdc8be653bcfd6e45a10e9f54e05505b?s=96&d=mm&r=g\",\"caption\":\"Thomas Ott\"},\"logo\":{\"@id\":\"https:\/\/thomas-ott.net\/home\/#\/schema\/person\/image\/\"},\"sameAs\":[\"https:\/\/www.facebook.com\/oagis\",\"https:\/\/www.instagram.com\/thomas_ott_66\/\",\"https:\/\/www.linkedin.com\/in\/oagis\/\",\"https:\/\/x.com\/oagis\"]}]}<\/script>\n<!-- \/ Yoast SEO plugin. -->","yoast_head_json":{"title":"Kartographie | The Secret Life of Thomas Ott","robots":{"index":"index","follow":"follow","max-snippet":"max-snippet:-1","max-image-preview":"max-image-preview:large","max-video-preview":"max-video-preview:-1"},"canonical":"https:\/\/thomas-ott.net\/home\/?page_id=17553","og_locale":"de_DE","og_type":"article","og_title":"Kartographie | The Secret Life of Thomas Ott","og_url":"https:\/\/thomas-ott.net\/home\/?page_id=17553","og_site_name":"The Secret Life of Thomas Ott","article_publisher":"https:\/\/www.facebook.com\/oagis","article_modified_time":"2017-07-24T07:16:17+00:00","twitter_card":"summary_large_image","twitter_site":"@oagis","schema":{"@context":"https:\/\/schema.org","@graph":[{"@type":"WebPage","@id":"https:\/\/thomas-ott.net\/home\/?page_id=17553","url":"https:\/\/thomas-ott.net\/home\/?page_id=17553","name":"Kartographie | The Secret Life of Thomas Ott","isPartOf":{"@id":"https:\/\/thomas-ott.net\/home\/#website"},"datePublished":"2017-07-20T13:17:04+00:00","dateModified":"2017-07-24T07:16:17+00:00","breadcrumb":{"@id":"https:\/\/thomas-ott.net\/home\/?page_id=17553#breadcrumb"},"inLanguage":"de","potentialAction":[{"@type":"ReadAction","target":["https:\/\/thomas-ott.net\/home\/?page_id=17553"]}]},{"@type":"BreadcrumbList","@id":"https:\/\/thomas-ott.net\/home\/?page_id=17553#breadcrumb","itemListElement":[{"@type":"ListItem","position":1,"name":"Startseite","item":"https:\/\/thomas-ott.net\/home\/"},{"@type":"ListItem","position":2,"name":"Projekte","item":"https:\/\/thomas-ott.net\/home\/?page_id=6"},{"@type":"ListItem","position":3,"name":"Kartographie"}]},{"@type":"WebSite","@id":"https:\/\/thomas-ott.net\/home\/#website","url":"https:\/\/thomas-ott.net\/home\/","name":"The Secret Life of Thomas Ott","description":"Website von Dr. Thomas Ott, Weinheim","publisher":{"@id":"https:\/\/thomas-ott.net\/home\/#\/schema\/person\/0a142f0a3d76fa4af0513a832379747b"},"potentialAction":[{"@type":"SearchAction","target":{"@type":"EntryPoint","urlTemplate":"https:\/\/thomas-ott.net\/home\/?s={search_term_string}"},"query-input":{"@type":"PropertyValueSpecification","valueRequired":true,"valueName":"search_term_string"}}],"inLanguage":"de"},{"@type":["Person","Organization"],"@id":"https:\/\/thomas-ott.net\/home\/#\/schema\/person\/0a142f0a3d76fa4af0513a832379747b","name":"Thomas Ott","image":{"@type":"ImageObject","inLanguage":"de","@id":"https:\/\/thomas-ott.net\/home\/#\/schema\/person\/image\/","url":"https:\/\/secure.gravatar.com\/avatar\/984baf04fae50a93f41615cda6dee454fdc8be653bcfd6e45a10e9f54e05505b?s=96&d=mm&r=g","contentUrl":"https:\/\/secure.gravatar.com\/avatar\/984baf04fae50a93f41615cda6dee454fdc8be653bcfd6e45a10e9f54e05505b?s=96&d=mm&r=g","caption":"Thomas Ott"},"logo":{"@id":"https:\/\/thomas-ott.net\/home\/#\/schema\/person\/image\/"},"sameAs":["https:\/\/www.facebook.com\/oagis","https:\/\/www.instagram.com\/thomas_ott_66\/","https:\/\/www.linkedin.com\/in\/oagis\/","https:\/\/x.com\/oagis"]}]}},"_links":{"self":[{"href":"https:\/\/thomas-ott.net\/home\/index.php?rest_route=\/wp\/v2\/pages\/17553","targetHints":{"allow":["GET"]}}],"collection":[{"href":"https:\/\/thomas-ott.net\/home\/index.php?rest_route=\/wp\/v2\/pages"}],"about":[{"href":"https:\/\/thomas-ott.net\/home\/index.php?rest_route=\/wp\/v2\/types\/page"}],"author":[{"embeddable":true,"href":"https:\/\/thomas-ott.net\/home\/index.php?rest_route=\/wp\/v2\/users\/1"}],"replies":[{"embeddable":true,"href":"https:\/\/thomas-ott.net\/home\/index.php?rest_route=%2Fwp%2Fv2%2Fcomments&post=17553"}],"version-history":[{"count":3,"href":"https:\/\/thomas-ott.net\/home\/index.php?rest_route=\/wp\/v2\/pages\/17553\/revisions"}],"predecessor-version":[{"id":17568,"href":"https:\/\/thomas-ott.net\/home\/index.php?rest_route=\/wp\/v2\/pages\/17553\/revisions\/17568"}],"up":[{"embeddable":true,"href":"https:\/\/thomas-ott.net\/home\/index.php?rest_route=\/wp\/v2\/pages\/6"}],"wp:attachment":[{"href":"https:\/\/thomas-ott.net\/home\/index.php?rest_route=%2Fwp%2Fv2%2Fmedia&parent=17553"}],"curies":[{"name":"wp","href":"https:\/\/api.w.org\/{rel}","templated":true}]}}